{"id":1131,"date":"2020-04-18T11:57:03","date_gmt":"2020-04-18T09:57:03","guid":{"rendered":"http:\/\/grzegorzsztwiertnia.com\/?page_id=1131"},"modified":"2020-11-02T11:20:12","modified_gmt":"2020-11-02T10:20:12","slug":"wideo","status":"publish","type":"page","link":"http:\/\/grzegorzsztwiertnia.com\/index.php\/wideo\/","title":{"rendered":"Wideo"},"content":{"rendered":"<p>[et_pb_section fb_built=&#8221;1&#8243; fullwidth=&#8221;on&#8221; _builder_version=&#8221;4.6.5&#8243; _module_preset=&#8221;default&#8221; animation_style=&#8221;fade&#8221; box_shadow_style=&#8221;preset1&#8243; box_shadow_horizontal=&#8221;2px&#8221; box_shadow_color=&#8221;#000000&#8243;][et_pb_fullwidth_slider _builder_version=&#8221;4.6.5&#8243; _module_preset=&#8221;default&#8221; custom_margin=&#8221;||-1px|||&#8221; custom_padding=&#8221;237px|||||&#8221;][et_pb_slide heading=&#8221;TA\u015aMY PRAWDY&#8221; _builder_version=&#8221;4.6.5&#8243; _module_preset=&#8221;default&#8221; background_image=&#8221;http:\/\/grzegorzsztwiertnia.com\/wp-content\/uploads\/2020\/09\/Histoire-de-la-Folie-52.png&#8221; background_enable_image=&#8221;on&#8221; sticky_transition=&#8221;on&#8221;]<\/p>\n<p>Wybrane prace wideo z lat 1999-2017<\/p>\n<p>[\/et_pb_slide][\/et_pb_fullwidth_slider][\/et_pb_section][et_pb_section fb_built=&#8221;1&#8243; specialty=&#8221;on&#8221; custom_padding_last_edited=&#8221;on|desktop&#8221; _builder_version=&#8221;3.22&#8243; custom_margin=&#8221;27px|||||&#8221; custom_padding=&#8221;0px|0px|40px|0px&#8221; custom_padding_tablet=&#8221;50px|0|50px|0&#8243; custom_padding_phone=&#8221;&#8221; transparent_background=&#8221;off&#8221; padding_mobile=&#8221;off&#8221; make_fullwidth=&#8221;off&#8221; use_custom_width=&#8221;off&#8221; width_unit=&#8221;off&#8221; custom_width_px=&#8221;1080px&#8221; custom_width_percent=&#8221;80%&#8221;][et_pb_column type=&#8221;1_2&#8243; _builder_version=&#8221;3.25&#8243; custom_padding=&#8221;|||&#8221; custom_padding__hover=&#8221;|||&#8221;][et_pb_gallery gallery_ids=&#8221;1390,1391,1392,1393,1394,1395,1396,1397,1398,1399,1400,1401,1402,1403,1404,1405,1406,1407,1408,1409,1410,1411,1412,1413,1414,1415,1416,1417,1418,1419,1420,1421,1422,1423,1424,1425,1426,1427,1428,1429,1430,1431,1432,1433,1434,1435,1436,1437,1438,1439,1440,1441,1442&#8243; fullwidth=&#8221;on&#8221; _builder_version=&#8221;3.0.87&#8243; caption_all_caps=&#8221;off&#8221; use_border_color=&#8221;off&#8221; border_color=&#8221;#ffffff&#8221; border_width=&#8221;1px&#8221; border_style=&#8221;solid&#8221;][\/et_pb_gallery][\/et_pb_column][et_pb_column type=&#8221;1_2&#8243; specialty_columns=&#8221;2&#8243; _builder_version=&#8221;3.25&#8243; custom_padding=&#8221;|||&#8221; custom_padding__hover=&#8221;|||&#8221;][et_pb_row_inner padding_mobile=&#8221;off&#8221; column_padding_mobile=&#8221;off&#8221; _builder_version=&#8221;3.25&#8243;][et_pb_column_inner saved_specialty_column_type=&#8221;1_2&#8243; _builder_version=&#8221;3.25&#8243; custom_padding=&#8221;|||&#8221; custom_padding__hover=&#8221;|||&#8221;][et_pb_text _builder_version=&#8221;3.27.4&#8243; background_size=&#8221;initial&#8221; background_position=&#8221;top_left&#8221; background_repeat=&#8221;repeat&#8221; use_border_color=&#8221;off&#8221; border_style=&#8221;solid&#8221;]<\/p>\n<h6><span style=\"font-size: x-small; color: #0115a8;\">HISTOIRE DE LA FOLIE\u00a0 | 1999 | 7&#8217;42&#8221;<\/span><\/h6>\n<p><span style=\"font-size: x-small; color: #0115a8;\"><\/span><\/p>\n<h6><span style=\"font-size: x-small;\">M\u00f3j pierwszy film pokazuje przebudzenie i pierwsze chwile dnia ob\u0142\u0105kanego. Poprzez prosty zabieg u\u017cycia dodatkowej soczewki (zwyk\u0142ego wizjera do drzwi, tzw. judasza) \u2013 widzimy efekt zaburzenia percepcji oraz utraty p\u0142ynno\u015bci ruch\u00f3w bohatera.<\/span><\/h6>\n<h6><span style=\"font-size: x-small;\">\u201eHistorie dl la Folie\u201d zosta\u0142 zainspirowany \u201eHistori\u0105 szale\u0144stwa w dobie klasycyzmu\u201d Michela Foucaulta oraz pracami artyst\u00f3w, pisarza i filozofa, kt\u00f3rzy w tamtym czasie zaprz\u0105tali moj\u0105 uwag\u0119. \u015acie\u017ck\u0119 d\u017awi\u0119kow\u0105 wybra\u0142em ze zbioru pierwszych eksperymentalnych utwor\u00f3w komputerowych Z LAT 60. Zebranych na p\u0142ycie \u201eThe Historical CD of Digital Sound Synthesis\u201d (Wergo 1995).<\/span><\/h6>\n<h6><span style=\"font-size: x-small;\">Film sk\u0142ada si\u0119 z kilku cz\u0119\u015bci. W pierwszej szaleniec budzi si\u0119 i nie wie, gdzie jest. Kamera ujmuje jego nog\u0119 (Douglas Gordon, <em>A Divided Self I and A Divided Self II<\/em>, 1996) \u00a0kiedy wstaje z \u0142\u00f3\u017cka i kr\u0105\u017cy po mieszkaniu, jakby poznawa\u0142 je po raz pierwszy. Ten chaotyczny i komiczny \u201eobch\u00f3d\u201d mieszkania zajmowanego przez ob\u0142\u0105ka\u0144ca nadaje rytm ca\u0142ej scenie. Kamera z na\u0142o\u017con\u0105 soczewk\u0105-judaszem filmuje to z pozycji bohatera, zniekszta\u0142caj\u0105c obraz. Nast\u0119pnie znajdujemy si\u0119 w majaku szale\u0144ca \u2013 szpitalnej celi-wie\u017cy (na wz\u00f3r tej znajduj\u0105cej si\u0119 w Tybindze, w kt\u00f3rej przez p\u00f3\u0142 \u017cycia mieszka\u0142 ob\u0142\u0105kany poeta Friedrich H\u00f6lderlin) \u2013 wype\u0142nionej zmutowanymi kawa\u0142kami widmowych cia\u0142: n\u00f3g, r\u0105k, palc\u00f3w, \u0142okci, ramion, \u0142ydek i ud. W dalszej cz\u0119\u015bci kamera, skierowana na ot\u0119pia\u0142\u0105 twarz szale\u0144ca, uwa\u017cnie rejestruje jego reakcje po za\u017cyciu przepisanych mu lek\u00f3w psychotropowych (Marina Abramovi\u0107, <em>Rhythm 2<\/em>, 1974). W kadrze pojawia si\u0119 R\u0119ka \u2013 ta\u0144cz\u0105ca do d\u017awi\u0119k\u00f3w\/dyryguj\u0105ca d\u017awi\u0119kami szalonych pionierskich utwor\u00f3w komputerowych z lat 60. (\u201eJe\u015bli wiesz, \u017ce tu jest jedna r\u0119ka, to zgodzimy si\u0119 co do ca\u0142ej reszty\u201d, L. Wittgenstein, <em>O pewno\u015bci<\/em>, 1949-1951, t\u0142um. W. Sady,). W trakcie napis\u00f3w ko\u0144cowych rozbrzmiewa piosenka \u201eDaisy Bell \/Bicycle Built for Two (1892\/1961) Maxa V. Mathewsa z filmu Stanleya Kubricka <em>2001: Odyseja kosmiczna<\/em> (1968), \u015bpiewana przez pok\u0142adowy komputer HAL (w trakcie jego wygaszania \u2013 cyfrowej demencji) \u2013 alter ego naszego bohatera.<\/span><\/h6>\n<p>[\/et_pb_text][\/et_pb_column_inner][\/et_pb_row_inner][\/et_pb_column][\/et_pb_section][et_pb_section fb_built=&#8221;1&#8243; specialty=&#8221;on&#8221; _builder_version=&#8221;4.6.6&#8243; _module_preset=&#8221;default&#8221;][et_pb_column type=&#8221;1_2&#8243; _builder_version=&#8221;3.25&#8243; custom_padding=&#8221;|||&#8221; custom_padding__hover=&#8221;|||&#8221;][et_pb_gallery gallery_ids=&#8221;2523,2524,2525,2526,2527,2528,2529,2530,2531,2532,2533,2534,2535,2536,2544,2538,2539,2540,2541,2542,2543&#8243; fullwidth=&#8221;on&#8221; _builder_version=&#8221;4.6.6&#8243; _module_preset=&#8221;default&#8221;][\/et_pb_gallery][\/et_pb_column][et_pb_column type=&#8221;1_2&#8243; specialty_columns=&#8221;2&#8243; _builder_version=&#8221;3.25&#8243; custom_padding=&#8221;|||&#8221; custom_padding__hover=&#8221;|||&#8221;][et_pb_row_inner _builder_version=&#8221;4.6.6&#8243; _module_preset=&#8221;default&#8221;][et_pb_column_inner saved_specialty_column_type=&#8221;1_2&#8243; _builder_version=&#8221;4.6.6&#8243; _module_preset=&#8221;default&#8221;][et_pb_text _builder_version=&#8221;4.6.6&#8243; _module_preset=&#8221;default&#8221; hover_enabled=&#8221;0&#8243; inline_fonts=&#8221;Lato&#8221; link_option_url=&#8221;https:\/\/vimeo.com\/474595996&#8243; sticky_enabled=&#8221;0&#8243;]<\/p>\n<h6><span style=\"font-size: x-small; font-family: Lato; color: #0b43bc;\" wfd-id=\"1619\">\u00a0<span style=\"color: #140bbc;\" wfd-id=\"1620\">TRANSPLANTACJA &#8211; POKAZ SPECJALNY I 1996 I 17&#8217;33&#8221;<\/span><\/span><\/h6>\n<h6><span style=\"font-size: x-small; font-family: Lato;\" wfd-id=\"1618\">Galeria Kronika, Bytom, 1996<\/span><\/h6>\n<h6><span style=\"font-size: x-small; font-family: Lato;\" wfd-id=\"1617\">czas trwania pokazu \u2013 oko\u0142o 1 godz.<\/span><\/h6>\n<h6><span style=\"font-size: x-small; font-family: Lato;\" wfd-id=\"1616\">\u201eTransplantacja \u2013 pokaz specjalny\u201d to performans <em>open-air<\/em> przygotowany na specjalne zaproszenie bytomskiej Galerii Kronika. Pomy\u015blany i przeprowadzony zgodnie z moimi \u00f3wczesnymi mo\u017cliwo\u015bciami i wyobra\u017ceniami, <em>odgrywa\u0142<\/em> niejako tekst (stworzony na bazie podr\u0119cznika \u201eChirurgia ma\u0142ych zwierz\u0105t\u201d prof. dra hab. Marka \u017bakiewicza, tekst\u00f3w mistyk\u00f3w chrze\u015bcija\u0144skich oraz poradnik\u00f3w uzdrowicieli), jaki wcze\u015bniej napisa\u0142em z my\u015bl\u0105 o autorskiej publikacji \u2013 b\u0119d\u0105c czym\u015b w rodzaju popularnego obecnie performatywnego czytania.<\/span><\/h6>\n<h6><span style=\"font-size: x-small; font-family: Lato;\" wfd-id=\"1615\">Zaprezentowany 15 czerwca 1996 roku na Rynku w Bytomiu rozpocz\u0105\u0142 si\u0119 punktualnie o godzinie 17.00. Poobiednia sobotnia pora sprzyja\u0142a t\u0142umnej obecno\u015bci Bytomian na g\u0142\u00f3wnym miejskim placu, co pozwoli\u0142o stworzy\u0107 co\u015b na kszta\u0142t ludycznego teatru plenerowego.<\/span><\/h6>\n<h6><span style=\"font-size: x-small; font-family: Lato;\" wfd-id=\"1614\"><em>Event<\/em> skomponowany zosta\u0142 z dw\u00f3ch cz\u0119\u015bci\/akt\u00f3w. Akt I (pierwsza klatka) prezentowa\u0142 <em>samozabieg <\/em>wszczepienia zwierz\u0119cej ko\u015bci w cia\u0142o autora (przy asy\u015bcie psa kuratora galerii) przeprowadzony zgodnie z procedur\u0105 prymitywnych operacji chirurgicznych. Akt II (druga klatka) prezentowa\u0142 now\u0105 rzeczywisto\u015b\u0107 (na wz\u00f3r poemat\u00f3w Miltona i Blake\u2019a), kt\u00f3ra z dzisiejszej perspektywy nazwaliby\u015bmy <em>transhumanistyczn\u0105<\/em>.<\/span><\/h6>\n<h6><span style=\"font-size: x-small; font-family: Lato;\" wfd-id=\"1613\">Kopia nagrania szcz\u0119\u015bliwie ocala\u0142a na kasecie VHS. Tam, gdzie by\u0142o to mo\u017cliwe, zachowano pierwotny monta\u017c. Operatorem kamery wideo by\u0142 jeden z pracownik\u00f3w galerii.<\/span><\/h6>\n<p><span style=\"font-size: x-small; font-family: Lato; color: #0b56bf;\" wfd-id=\"1612\">https:\/\/vimeo.com\/474595996<\/span><\/p>\n<p>[\/et_pb_text][\/et_pb_column_inner][\/et_pb_row_inner][\/et_pb_column][\/et_pb_section][et_pb_section fb_built=&#8221;1&#8243; fullwidth=&#8221;on&#8221; custom_padding_last_edited=&#8221;on|desktop&#8221; _builder_version=&#8221;3.22&#8243; custom_padding_tablet=&#8221;50px|0|50px|0&#8243; custom_padding_phone=&#8221;&#8221; transparent_background=&#8221;off&#8221; padding_mobile=&#8221;off&#8221; make_fullwidth=&#8221;off&#8221; use_custom_width=&#8221;off&#8221; width_unit=&#8221;off&#8221; custom_width_px=&#8221;1080px&#8221; custom_width_percent=&#8221;80%&#8221;][et_pb_fullwidth_image _builder_version=&#8221;3.0.87&#8243; animation_style=&#8221;slide&#8221; animation_direction=&#8221;left&#8221; animation_duration=&#8221;500ms&#8221; animation_intensity_slide=&#8221;10%&#8221; use_border_color=&#8221;off&#8221; border_color=&#8221;#ffffff&#8221; border_width=&#8221;1px&#8221; border_style=&#8221;solid&#8221; animation=&#8221;left&#8221;][\/et_pb_fullwidth_image][\/et_pb_section][et_pb_section fb_built=&#8221;1&#8243; specialty=&#8221;on&#8221; custom_padding_last_edited=&#8221;on|desktop&#8221; _builder_version=&#8221;3.22&#8243; custom_padding=&#8221;0px|0px|40px|0px&#8221; custom_padding_tablet=&#8221;50px|0|50px|0&#8243; custom_padding_phone=&#8221;&#8221; transparent_background=&#8221;off&#8221; padding_mobile=&#8221;off&#8221; make_fullwidth=&#8221;off&#8221; use_custom_width=&#8221;off&#8221; width_unit=&#8221;off&#8221; custom_width_px=&#8221;1080px&#8221; custom_width_percent=&#8221;80%&#8221;][et_pb_column type=&#8221;1_2&#8243; _builder_version=&#8221;3.25&#8243; custom_padding=&#8221;|||&#8221; custom_padding__hover=&#8221;|||&#8221;][et_pb_gallery gallery_ids=&#8221;1447,1448,1449,1450,1451,1452,1453,1454,1455,1456,1457,1458,1459,1460,1461,1462,1463,1464,1465,1466,1467,1468,1469,1470,1472,1473&#8243; fullwidth=&#8221;on&#8221; _builder_version=&#8221;3.0.87&#8243; caption_all_caps=&#8221;off&#8221; use_border_color=&#8221;off&#8221; border_color=&#8221;#ffffff&#8221; border_width=&#8221;1px&#8221; border_style=&#8221;solid&#8221;][\/et_pb_gallery][\/et_pb_column][et_pb_column type=&#8221;1_2&#8243; specialty_columns=&#8221;2&#8243; _builder_version=&#8221;3.25&#8243; custom_padding=&#8221;|||&#8221; custom_padding__hover=&#8221;|||&#8221;][et_pb_row_inner padding_mobile=&#8221;off&#8221; column_padding_mobile=&#8221;off&#8221; _builder_version=&#8221;3.25&#8243;][et_pb_column_inner saved_specialty_column_type=&#8221;1_2&#8243; _builder_version=&#8221;3.25&#8243; custom_padding=&#8221;|||&#8221; custom_padding__hover=&#8221;|||&#8221;][et_pb_text _builder_version=&#8221;3.27.4&#8243; background_size=&#8221;initial&#8221; background_position=&#8221;top_left&#8221; background_repeat=&#8221;repeat&#8221; use_border_color=&#8221;off&#8221; border_style=&#8221;solid&#8221;]<\/p>\n<h6><span style=\"font-size: x-small; color: #0920a3;\">PRAWDA I METODA | 2000 | 60&#8242;<\/span><\/h6>\n<h6><span style=\"font-size: x-small;\">Galeria Sztuki wsp\u00f3\u0142czesnej Bunkier Sztuki<\/span><\/h6>\n<h6><span style=\"font-size: x-small;\">Krak\u00f3w 2000<\/span><\/h6>\n<h6><span style=\"font-size: x-small;\">\u201ePrawda i metoda\u201d to rodzaj badania kontrolnego rzeczywisto\u015bci czasu milenijnego prze\u0142omu pod k\u0105tem jej prawdziwo\u015bci. Badanie zosta\u0142o ograniczone do wywo\u0142ywania odruchu wyprostowania nogi w stawie kolanowym pod wp\u0142ywem uderzenia w \u015bci\u0119gno mi\u0119\u015bnia czworog\u0142owego uda poni\u017cej rzepki (odruch kolanowy jest jednym z prostych odruch\u00f3w rdzeniowych). Trwaj\u0105ca godzin\u0119 procedura mia\u0142a sprawdzi\u0107, czy uporczywe uderzanie w obie rzepki kolanowe \u2013 pobudzanie receptor\u00f3w wrzecion mi\u0119\u015bniowych wywo\u0142uj\u0105cych skurcz mi\u0119\u015bnia czworog\u0142owego uda \u2013 nie os\u0142abi samego odruchu kolanowego dowodz\u0105c tym samym ulotno\u015bci natury prawdy. Godzinny zapis (czas trwania standardowej ta\u015bmy wideo) testu to obraz poszukiwania autentycznych odruch\u00f3w ludzkich pozbawionych jakichkolwiek kulturowych &#8222;filtr\u00f3w&#8221;. Prawda i metoda to przyczynek do powstania teatru odruchowego.<\/span><\/h6>\n<p>[\/et_pb_text][\/et_pb_column_inner][\/et_pb_row_inner][\/et_pb_column][\/et_pb_section][et_pb_section fb_built=&#8221;1&#8243; specialty=&#8221;on&#8221; custom_padding_last_edited=&#8221;on|desktop&#8221; _builder_version=&#8221;3.22&#8243; custom_padding=&#8221;2px|0px|40px|0px&#8221; custom_padding_tablet=&#8221;50px|0|50px|0&#8243; custom_padding_phone=&#8221;&#8221; transparent_background=&#8221;off&#8221; padding_mobile=&#8221;off&#8221; make_fullwidth=&#8221;off&#8221; use_custom_width=&#8221;off&#8221; width_unit=&#8221;off&#8221; custom_width_px=&#8221;1080px&#8221; custom_width_percent=&#8221;80%&#8221;][et_pb_column type=&#8221;1_2&#8243; _builder_version=&#8221;3.25&#8243; custom_padding=&#8221;|||&#8221; custom_padding__hover=&#8221;|||&#8221;][et_pb_gallery gallery_ids=&#8221;1475,1476,1477,1478,1479,1480,1481,1482,1483,1484,1485,1486,1487,1488,1489,1490,1491,1492,1493,1494,1495,1496,1497,1498,1499,1500,1501,1502&#8243; fullwidth=&#8221;on&#8221; _builder_version=&#8221;3.0.87&#8243; caption_all_caps=&#8221;off&#8221; use_border_color=&#8221;off&#8221; border_color=&#8221;#ffffff&#8221; border_width=&#8221;1px&#8221; border_style=&#8221;solid&#8221;][\/et_pb_gallery][\/et_pb_column][et_pb_column type=&#8221;1_2&#8243; specialty_columns=&#8221;2&#8243; _builder_version=&#8221;3.25&#8243; custom_padding=&#8221;|||&#8221; custom_padding__hover=&#8221;|||&#8221;][et_pb_row_inner padding_mobile=&#8221;off&#8221; column_padding_mobile=&#8221;off&#8221; _builder_version=&#8221;3.25&#8243;][et_pb_column_inner saved_specialty_column_type=&#8221;1_2&#8243; _builder_version=&#8221;3.25&#8243; custom_padding=&#8221;|||&#8221; custom_padding__hover=&#8221;|||&#8221;][et_pb_text _builder_version=&#8221;3.27.4&#8243; background_size=&#8221;initial&#8221; background_position=&#8221;top_left&#8221; background_repeat=&#8221;repeat&#8221; use_border_color=&#8221;off&#8221; border_style=&#8221;solid&#8221;]<\/p>\n<h6><span style=\"font-size: x-small; color: #011d84;\">ACTION PAINTING | 2002 | 17&#8217;43&#8221;<\/span><\/h6>\n<h6><span style=\"font-size: x-small;\">Ten film to ponad p\u00f3\u0142roczny zapis ukryt\u0105 kamer\u0105 schorowanego, niepe\u0142nosprawnego fizycznie s\u0105siada &#8211; alkoholika pr\u00f3buj\u0105cego latami pokonywa\u0107 schody &#8211; drog\u0119 od swojej sutereny na zewn\u0105trz. Specyficznie pomalowane \u015bciany oraz szeroko\u015b\u0107 schod\u00f3w mi\u0119dzy nimi da\u0142o mu sposobno\u015b\u0107 do wypracowania specyficznego sposobu pokonywania trudno\u015bci przemieszczania si\u0119 do i od swojego lokum. Kronikarski prawie zapis jego pomys\u0142owych rozwi\u0105za\u0144 radzenia sobie z trudno\u015bciami daje efekt prawie antropologicznej obserwacji. Charakterystyczne brudne i wy\u015bwiecone pasy nad lamperi\u0105 \u015bcian oraz na wysoko\u015bci ramion da\u0142y efekt celowego malarskiego dzia\u0142ania in situ. To <em>action painting<\/em> w swojej najpierwotniejszej postaci, nagie dzia\u0142anie i wieloletnia praktyka tworzenia egzystencjalnego zapisu.<\/span><\/h6>\n<p>[\/et_pb_text][\/et_pb_column_inner][\/et_pb_row_inner][\/et_pb_column][\/et_pb_section][et_pb_section fb_built=&#8221;1&#8243; specialty=&#8221;on&#8221; custom_padding_last_edited=&#8221;on|desktop&#8221; _builder_version=&#8221;3.22&#8243; custom_padding=&#8221;0px|0px|40px|0px&#8221; custom_padding_tablet=&#8221;50px|0|50px|0&#8243; custom_padding_phone=&#8221;&#8221; transparent_background=&#8221;off&#8221; padding_mobile=&#8221;off&#8221; make_fullwidth=&#8221;off&#8221; use_custom_width=&#8221;off&#8221; width_unit=&#8221;off&#8221; custom_width_px=&#8221;1080px&#8221; custom_width_percent=&#8221;80%&#8221;][et_pb_column type=&#8221;1_2&#8243; _builder_version=&#8221;3.25&#8243; custom_padding=&#8221;|||&#8221; custom_padding__hover=&#8221;|||&#8221;][et_pb_gallery gallery_ids=&#8221;1505,1506,1507,1508,1509,1510,1511,1512,1513,1514,1515,1516,1517,1518,1519,1520,1521,1522,1523,1524,1525,1526,1527,1528,1529,1530,1531,1532,1533,1534,1535,1536,1537,1538,1539,1540,1541,1542,1543&#8243; fullwidth=&#8221;on&#8221; _builder_version=&#8221;3.0.87&#8243; caption_all_caps=&#8221;off&#8221; use_border_color=&#8221;off&#8221; border_color=&#8221;#ffffff&#8221; border_width=&#8221;1px&#8221; border_style=&#8221;solid&#8221;][\/et_pb_gallery][\/et_pb_column][et_pb_column type=&#8221;1_2&#8243; specialty_columns=&#8221;2&#8243; _builder_version=&#8221;3.25&#8243; custom_padding=&#8221;|||&#8221; custom_padding__hover=&#8221;|||&#8221;][et_pb_row_inner padding_mobile=&#8221;off&#8221; column_padding_mobile=&#8221;off&#8221; _builder_version=&#8221;3.25&#8243;][et_pb_column_inner saved_specialty_column_type=&#8221;1_2&#8243; _builder_version=&#8221;3.25&#8243; custom_padding=&#8221;|||&#8221; custom_padding__hover=&#8221;|||&#8221;][et_pb_text _builder_version=&#8221;3.27.4&#8243; background_size=&#8221;initial&#8221; background_position=&#8221;top_left&#8221; background_repeat=&#8221;repeat&#8221; use_border_color=&#8221;off&#8221; border_style=&#8221;solid&#8221;]<\/p>\n<h6><span style=\"font-size: x-small; color: #062f82;\">MISSION IMPOSSIBLE | 2002 | 15&#8217;17&#8221;\u00a0<\/span><\/h6>\n<h6><span style=\"font-size: x-small;\">Kunsthaus Essen, 2002<\/span><\/h6>\n<h6><span style=\"font-size: x-small;\">Bohater spontanicznego performansu dokamerowego, zrealizowanego w 2002 roku podczas pobytu studyjnego w Kunsthaus Essen, podejmuje desperackie pr\u00f3by pokojowego po\u0142\u0105czenia spornej dialektyki niemieckiej filozofii idealistycznej. Skoro metoda dialektyczna Hegla opiera si\u0119 na sprzeczno\u015bci poj\u0119\u0107, kt\u00f3re zawsze chc\u0105 uk\u0142ada\u0107 si\u0119 w niepasuj\u0105ce do siebie, sprzeczne pary (tzw. niemiecki romantyzm) \u2013 tezy i antytezy \u2013 to najwi\u0119kszym zadaniem wsp\u00f3\u0142czesno\u015bci wydaje si\u0119 wy\u0142onienie nowej jako\u015bci \u2013 SYNTEZY. Bohater tego wideo \u2013 oszo\u0142omiony zadaniem do wykonania Syn Tezy \u2013 pr\u00f3buje pogodzi\u0107 zwa\u015bnione strony tego urojonego rodzicielskiego konfliktu.<\/span><\/h6>\n<h6><span style=\"font-size: x-small;\">W tle s\u0142ycha\u0107 odg\u0142osy wybuch\u00f3w, krzyk\u00f3w i po\u015bcig\u00f3w samochodowych z dw\u00f3ch pierwszych cz\u0119\u015bci serii film\u00f3w \u201eMission: Impossible\u201d (1996, 2000) z Tomem Cruisem w roli niezniszczalnego agenta rz\u0105dowej jednostki Impossible Mission Force \u2013 Ethana Hunta.<\/span><\/h6>\n<p>[\/et_pb_text][\/et_pb_column_inner][\/et_pb_row_inner][\/et_pb_column][\/et_pb_section][et_pb_section fb_built=&#8221;1&#8243; specialty=&#8221;on&#8221; custom_padding_last_edited=&#8221;on|desktop&#8221; _builder_version=&#8221;3.22&#8243; custom_padding=&#8221;0px|0px|0px|0px&#8221; custom_padding_tablet=&#8221;50px|0|50px|0&#8243; custom_padding_phone=&#8221;&#8221; transparent_background=&#8221;off&#8221; padding_mobile=&#8221;off&#8221; make_fullwidth=&#8221;off&#8221; use_custom_width=&#8221;off&#8221; width_unit=&#8221;off&#8221; custom_width_px=&#8221;1080px&#8221; custom_width_percent=&#8221;80%&#8221;][et_pb_column type=&#8221;1_2&#8243; _builder_version=&#8221;3.25&#8243; custom_padding=&#8221;|||&#8221; custom_padding__hover=&#8221;|||&#8221;][et_pb_gallery gallery_ids=&#8221;1545,1546,1547,1548,1549,1550,1551,1552,1553,1554,1555,1556,1557,1558,1585,1559,1560,1561,1562,1563,1564,1565,1566,1567,1568,1569,1570,1571,1572,1573,1574,1575,1576,1577,1578,1579,1580,1581,1582,1583,1584&#8243; fullwidth=&#8221;on&#8221; _builder_version=&#8221;3.0.87&#8243; caption_all_caps=&#8221;off&#8221; use_border_color=&#8221;off&#8221; border_color=&#8221;#ffffff&#8221; border_width=&#8221;1px&#8221; border_style=&#8221;solid&#8221;][\/et_pb_gallery][\/et_pb_column][et_pb_column type=&#8221;1_2&#8243; specialty_columns=&#8221;2&#8243; _builder_version=&#8221;3.25&#8243; custom_padding=&#8221;|||&#8221; custom_padding__hover=&#8221;|||&#8221;][et_pb_row_inner padding_mobile=&#8221;off&#8221; column_padding_mobile=&#8221;off&#8221; _builder_version=&#8221;3.25&#8243;][et_pb_column_inner saved_specialty_column_type=&#8221;1_2&#8243; _builder_version=&#8221;3.25&#8243; custom_padding=&#8221;|||&#8221; custom_padding__hover=&#8221;|||&#8221;][et_pb_text _builder_version=&#8221;3.27.4&#8243; background_size=&#8221;initial&#8221; background_position=&#8221;top_left&#8221; background_repeat=&#8221;repeat&#8221; use_border_color=&#8221;off&#8221; border_style=&#8221;solid&#8221;]<\/p>\n<h6><span style=\"font-size: x-small; color: #e09900;\">TRZY KOLORY: \u017b\u00d3\u0141TY | 2002 | 13&#8242;<\/span><\/h6>\n<h6><span style=\"font-size: x-small;\">Papie\u017c-Polak Jan Pawe\u0142 II odwiedzi\u0142 Polsk\u0119 a\u017c o\u015bmiokrotnie. Ostatnia wizyta w Polsce mia\u0142a miejsce w dniach od 16 do 19 sierpnia 2002 roku \u2013 Ojciec \u015awi\u0119ty odwiedzi\u0142 wtedy Krak\u00f3w i Kalwari\u0119 Zebrzydowsk\u0105. W Krakowie-\u0141agiewnikach dokona\u0142 po\u015bwi\u0119cenia Sanktuarium Bo\u017cego Mi\u0142osierdzia, w kt\u00f3rym spoczywaj\u0105 prochy \u015bw. Faustyny Kowalskiej.<\/span><\/h6>\n<h6><span style=\"font-size: x-small;\">Kr\u00f3tki film wideo Trzy kolory: \u017c\u00f3\u0142ty wchodzi w sk\u0142ad autorskiej trylogii ukazuj\u0105cej nasze narodowe \u201ebarwy ochronne\u201d. Kolory (alternatywne kolory dope\u0142niaj\u0105ce s\u0142ynn\u0105 filmow\u0105 trylogi\u0119 Krzysztofa Kie\u015blowskiego): zielony, czarny oraz w\u0142a\u015bnie \u017c\u00f3\u0142ty reprezentuj\u0105 polskie podej\u015bcie do kwestii ekologii, solidarno\u015bci oraz religijno\u015bci. \u017b\u00f3\u0142ty (metod\u0105 filmow\u0105 &#8222;z mojego okna&#8221;) pokazuje mieszka\u0144c\u00f3w jednej z krakowskich kamienic spontaniczne i z zapa\u0142em przygotowuj\u0105cych si\u0119 do tej ostatniej (jak si\u0119 okaza\u0142o) wizyty Papie\u017ca w Krakowie. Gest odnowienia wsp\u00f3lnego domu okazuje si\u0119 du\u017co bardziej no\u015bny ni\u017c ostateczny rachunek przyczynowo-skutkowy, jaki widzimy na ko\u0144cu tego filmu.<\/span><\/h6>\n<p>[\/et_pb_text][\/et_pb_column_inner][\/et_pb_row_inner][\/et_pb_column][\/et_pb_section][et_pb_section fb_built=&#8221;1&#8243; specialty=&#8221;on&#8221; custom_padding_last_edited=&#8221;on|desktop&#8221; _builder_version=&#8221;3.22&#8243; custom_padding=&#8221;40px|0px|40px|0px&#8221; custom_padding_tablet=&#8221;50px|0|50px|0&#8243; custom_padding_phone=&#8221;&#8221; transparent_background=&#8221;off&#8221; padding_mobile=&#8221;off&#8221; make_fullwidth=&#8221;off&#8221; use_custom_width=&#8221;off&#8221; width_unit=&#8221;off&#8221; custom_width_px=&#8221;1080px&#8221; custom_width_percent=&#8221;80%&#8221;][et_pb_column type=&#8221;1_2&#8243; _builder_version=&#8221;3.25&#8243; custom_padding=&#8221;|||&#8221; custom_padding__hover=&#8221;|||&#8221;][et_pb_gallery gallery_ids=&#8221;1794,1795,1799,1800,1801,1802,1803,1804,1806,1807,1809,1810,1811,1812,1814,1815,1816,1817,1820,1821,1823,1824,1825,1826,1827,1829,1831,1834,1889,1837,1838,1840,1841,1842,1843,1844,1845,1846,1848,1849,1850,1853,1854,1855,1856,1857,1858,1859,1890,1861,1863,1864,1865,1867,1868,1869,1870,1872,1874,1875,1876,1877,1878,1879,1881,1882,1883,1884,1891,1887,1888&#8243; fullwidth=&#8221;on&#8221; _builder_version=&#8221;4.6.6&#8243; caption_all_caps=&#8221;off&#8221; use_border_color=&#8221;off&#8221; border_color=&#8221;#ffffff&#8221; border_width=&#8221;1px&#8221; border_style=&#8221;solid&#8221;][\/et_pb_gallery][\/et_pb_column][et_pb_column type=&#8221;1_2&#8243; specialty_columns=&#8221;2&#8243; _builder_version=&#8221;3.25&#8243; custom_padding=&#8221;|||&#8221; custom_padding__hover=&#8221;|||&#8221;][et_pb_row_inner padding_mobile=&#8221;off&#8221; column_padding_mobile=&#8221;off&#8221; _builder_version=&#8221;3.25&#8243;][et_pb_column_inner saved_specialty_column_type=&#8221;1_2&#8243; _builder_version=&#8221;3.25&#8243; custom_padding=&#8221;|||&#8221; custom_padding__hover=&#8221;|||&#8221;][et_pb_text _builder_version=&#8221;3.27.4&#8243; background_size=&#8221;initial&#8221; background_position=&#8221;top_left&#8221; background_repeat=&#8221;repeat&#8221; use_border_color=&#8221;off&#8221; border_style=&#8221;solid&#8221;]<\/p>\n<h6><span style=\"font-size: x-small; color: #01118c;\">AKADEMIA PI\u0118KNEGO TA\u0143CA | 2004 | 45&#8242;<\/span><\/h6>\n<h6><span style=\"font-size: x-small;\">Performer: Andrzej Musia\u0142<\/span><\/h6>\n<h6><span style=\"font-size: x-small;\">Galeria Sztuki Wsp\u00f3\u0142czesnej Bunkier Sztuki, Krak\u00f3w, 2004<\/span><\/h6>\n<h6><span style=\"font-size: x-small;\">Akademia Pi\u0119knego Ta\u0144ca jest cyklem wyst\u0119p\u00f3w na \u017cywo i dokamerowych performans\u00f3w powsta\u0142ych we wsp\u00f3\u0142pracy z naturalnym performerem \u2013 Andrzejem Musia\u0142em. Jako do\u015bwiadczony model pozuj\u0105cy przez d\u0142ugie lata na krakowskiech uczelniach, zapisa\u0142 w swoim ciele i pami\u0119ci dziesi\u0105tki uk\u0142ad\u00f3w i p\u00f3z, kt\u00f3re konstruowa\u0142 z pasj\u0105 i zaskakuj\u0105c\u0105 inwencj\u0105. Uk\u0142ady te s\u0105 dziwn\u0105 mieszank\u0105 klasycznych podr\u0119cznikowych wzor\u00f3w i ich kampowych wyobra\u017ce\u0144 \u2013 powidok\u00f3w dzie\u0142 starych mistrz\u00f3w malarstwa i rze\u017aby. Projekt jest te\u017c pr\u00f3b\u0105 rehabilitacji zawodu modela, a przez to docenienia gestu przekazywania swojego cia\u0142a w s\u0142u\u017cbie sztuki (a nie medycyny).<\/span><\/h6>\n<h6><span style=\"font-size: x-small;\">Performens\u00a0 jest po cz\u0119\u015bci improwizowanym, trwaj\u0105cym 45 minut (czas trwania jednej sesji pozowania na artystycznych uczelniach) kreowaniem oryginalnej choreografii z\u0142o\u017conej z serii klasycznych p\u00f3z i na wp\u00f3\u0142 gimnastycznych uk\u0142ad\u00f3w, nast\u0119puj\u0105cych po sobie w tempie podyktowanym przep\u0142ywem impuls\u00f3w uruchamianych prac\u0105 pami\u0119ci cia\u0142a. Cia\u0142o modela-performera jest tu swoistym archiwum \u2013 \u201eAtlasem Mnemosyne\u201d w krzywym zwierciadle \u2013 pe\u0142nym b\u0142\u0119d\u00f3w powsta\u0142ych przez mechaniczne reprodukowanie oryginalnych wzor\u00f3w kultury.<\/span><\/h6>\n<p>[\/et_pb_text][\/et_pb_column_inner][\/et_pb_row_inner][\/et_pb_column][\/et_pb_section][et_pb_section fb_built=&#8221;1&#8243; specialty=&#8221;on&#8221; custom_padding_last_edited=&#8221;on|desktop&#8221; _builder_version=&#8221;3.22&#8243; custom_padding=&#8221;0px|0px|40px|0px&#8221; custom_padding_tablet=&#8221;50px|0|50px|0&#8243; custom_padding_phone=&#8221;&#8221; transparent_background=&#8221;off&#8221; padding_mobile=&#8221;off&#8221; make_fullwidth=&#8221;off&#8221; use_custom_width=&#8221;off&#8221; width_unit=&#8221;off&#8221; custom_width_px=&#8221;1080px&#8221; custom_width_percent=&#8221;80%&#8221;][et_pb_column type=&#8221;1_2&#8243; _builder_version=&#8221;3.25&#8243; custom_padding=&#8221;|||&#8221; custom_padding__hover=&#8221;|||&#8221;][et_pb_gallery gallery_ids=&#8221;1893,1894,1895,1896,1897,1898,1899,1900,1901,1902,1903,1904,1905,1906,1907,1908,1909,1910,1911,1912,1913,1914,1915,1916,1917,1918,1919,1920,1921,1922,1923,1924,1925,1926,1927,1928,1929,1930,1931,1932,1933,1934,1935,1936,1937,1938,1939,1940,1941,1956,1942,1943,1944,1945,1946,1947,1948,1949,1950,1951,1952,1953,1954,1955&#8243; fullwidth=&#8221;on&#8221; _builder_version=&#8221;3.0.87&#8243; caption_all_caps=&#8221;off&#8221; use_border_color=&#8221;off&#8221; border_color=&#8221;#ffffff&#8221; border_width=&#8221;1px&#8221; border_style=&#8221;solid&#8221;][\/et_pb_gallery][\/et_pb_column][et_pb_column type=&#8221;1_2&#8243; specialty_columns=&#8221;2&#8243; _builder_version=&#8221;3.25&#8243; custom_padding=&#8221;|||&#8221; custom_padding__hover=&#8221;|||&#8221;][et_pb_row_inner padding_mobile=&#8221;off&#8221; column_padding_mobile=&#8221;off&#8221; _builder_version=&#8221;3.25&#8243;][et_pb_column_inner saved_specialty_column_type=&#8221;1_2&#8243; _builder_version=&#8221;3.25&#8243; custom_padding=&#8221;|||&#8221; custom_padding__hover=&#8221;|||&#8221;][et_pb_text _builder_version=&#8221;4.6.5&#8243; background_size=&#8221;initial&#8221; background_position=&#8221;top_left&#8221; background_repeat=&#8221;repeat&#8221; custom_padding=&#8221;||0px|||&#8221; link_option_url=&#8221;https:\/\/vimeo.com\/462996623&#8243; use_border_color=&#8221;off&#8221; border_style=&#8221;solid&#8221;]<\/p>\n<h6><span style=\"font-size: x-small; color: #0b0496;\">ALTE MEISTER SYNDROM | 2005 | 21\u201925\u2019\u2019<\/span><\/h6>\n<h6><span style=\"font-size: x-small;\"><em>Alte Meister Syndrom<\/em> to zapis wizyty podstarza\u0142ego modela \u2013 tancerza w drezde\u0144skiej galerii dawnych mistrz\u00f3w. Powtarzanie p\u00f3z i uk\u0142ad\u00f3w cia\u0142a na wz\u00f3r postaci i figur z wybranych obraz\u00f3w pos\u0142u\u017cy\u0142o do stworzenia ko\u0144cowego spektaklu pod tym w\u0142a\u015bnie tytu\u0142em.<\/span><\/h6>\n<h6><span style=\"font-size: x-small; color: #0c71c3;\"><a href=\"https:\/\/vimeo.com\/462996623\" style=\"color: #0c71c3;\">https:\/\/vimeo.com\/462996623<\/a><\/span><\/h6>\n<p>[\/et_pb_text][\/et_pb_column_inner][\/et_pb_row_inner][\/et_pb_column][\/et_pb_section][et_pb_section fb_built=&#8221;1&#8243; specialty=&#8221;on&#8221; custom_padding_last_edited=&#8221;on|desktop&#8221; _builder_version=&#8221;3.22&#8243; custom_padding=&#8221;0px|0px|40px|0px&#8221; custom_padding_tablet=&#8221;50px|0|50px|0&#8243; custom_padding_phone=&#8221;&#8221; transparent_background=&#8221;off&#8221; padding_mobile=&#8221;off&#8221; make_fullwidth=&#8221;off&#8221; use_custom_width=&#8221;off&#8221; width_unit=&#8221;off&#8221; custom_width_px=&#8221;1080px&#8221; custom_width_percent=&#8221;80%&#8221;][et_pb_column type=&#8221;1_2&#8243; _builder_version=&#8221;3.25&#8243; custom_padding=&#8221;|||&#8221; custom_padding__hover=&#8221;|||&#8221;][et_pb_gallery gallery_ids=&#8221;1958,1959,1960,1961,1962,1963,1964,1965,1966,1967,1968,1969,1970,1987,1972,1973,1974,1975,1976,1977,1978,1979,1980,1981,1982,1983,1984,1985,1986&#8243; fullwidth=&#8221;on&#8221; _builder_version=&#8221;3.0.87&#8243; caption_all_caps=&#8221;off&#8221; use_border_color=&#8221;off&#8221; border_color=&#8221;#ffffff&#8221; border_width=&#8221;1px&#8221; border_style=&#8221;solid&#8221;][\/et_pb_gallery][\/et_pb_column][et_pb_column type=&#8221;1_2&#8243; specialty_columns=&#8221;2&#8243; _builder_version=&#8221;3.25&#8243; custom_padding=&#8221;|||&#8221; custom_padding__hover=&#8221;|||&#8221;][et_pb_row_inner padding_mobile=&#8221;off&#8221; column_padding_mobile=&#8221;off&#8221; _builder_version=&#8221;3.25&#8243; custom_padding=&#8221;12px|0px|0px|0px&#8221;][et_pb_column_inner saved_specialty_column_type=&#8221;1_2&#8243; _builder_version=&#8221;3.25&#8243; custom_padding=&#8221;|||&#8221; custom_padding__hover=&#8221;|||&#8221;][et_pb_text _builder_version=&#8221;3.27.4&#8243; background_size=&#8221;initial&#8221; background_position=&#8221;top_left&#8221; background_repeat=&#8221;repeat&#8221; use_border_color=&#8221;off&#8221; border_style=&#8221;solid&#8221;]<\/p>\n<h6><span style=\"font-size: x-small; color: #0d078e;\"><\/span><\/h6>\n<h6><span style=\"font-size: x-small; color: #0d078e;\"><\/span><\/h6>\n<h6><span style=\"font-size: x-small; color: #0d078e;\">HISTORIA TEATRU POLSKIEGO | 2007 | 18&#8242;<\/span><\/h6>\n<h6><span style=\"font-size: x-small;\">(realizacja materia\u0142u \u2013 luty 2007 roku)<\/span><\/h6>\n<h6><span style=\"font-size: x-small;\">Film wideo zosta\u0142 zrealizowany w Instytucie im. Jerzego Grotowskiego, w s\u0142ynnej \u201eceglanej sali\u201d, w kt\u00f3rej Grotowski ze swym zespo\u0142em przygotowywali i przedstawili dwa ostatnie spektakle: <em>Ksi\u0119cia Niez\u0142omnego<\/em> i <em>Apocalypsis cum figuris<\/em>. Uk\u0142ad choreograficzny zbudowa\u0142em g\u0142\u00f3wnie na podstawie zdj\u0119\u0107 i dokumentacji fotograficznej pozyskanej z kilku wybranych publikacji ksi\u0105\u017ckowych oraz nielicznych zapis\u00f3w filmowych spektakli.<\/span><\/h6>\n<h6><span style=\"font-size: x-small;\">Tekst zamieszczony poni\u017cej wprowadza\u0142 do og\u00f3lnego zamys\u0142u tego przedsi\u0119wzi\u0119cia i by\u0142 rozsy\u0142any do os\u00f3b maj\u0105cych wspom\u00f3c mnie organizacyjnie i\/lub finansowo. Jednak to, co w nim najwa\u017cniejsze, to wyraz mojego \u00f3wczesnego uwielbienia dla Kantora i Grotowskiego \u2013 oraz og\u00f3lnie wynik (i podsumowanie) moich zainteresowa\u0144 teatrem \u201eawangardowym\u201d (czyli tzw. alternatywnym). Nale\u017cy dobrze zrozumie\u0107 cel tego dzia\u0142ania: nie by\u0142a nim bynajmniej jakakolwiek pr\u00f3ba w\u0142\u0105czenia si\u0119 w teatralny \u201edyskurs\u201d tocz\u0105cy si\u0119 w teatralnym \u015brodowisku \u2013 a raczej w\u0142\u0105czenie \u201eperformatyki\u201d i teatralnego kontekstu (popularnego w sztuce dopiero od kilku lat \u2013 tak wi\u0119c moja propozycja by\u0142a ca\u0142kiem \u015bwie\u017ca) do \u201eikonosfery\u201d sztuk wizualnych. U\u017cy\u0142em kilku charakterystycznych dla sztuki wsp\u00f3\u0142czesnej strategicznych zabieg\u00f3w: polemik\u0119 z akademiami sztuk pi\u0119knych (pan Andrzej \u2013 m\u00f3j \u201eperformer\u201d \u2013 to wieloletni sta\u017cem, starzej\u0105cy si\u0119 model, niegdy\u015b tancerz-amator), ekskluzywno\u015bci\u0105 \u015bwiat\u00f3w artystycznych (ezoteryczne teorie i praktyki \u015brodowisk teatralnych i artystycznych \u201eza zamkni\u0119tymi drzwiami\u201d \u2013 niedost\u0119pne dla niewtajemniczonych), wi\u0105zanie tych praktyk (podobie\u0144stwo wizualne) z praktykami medycznymi (g\u0142\u00f3wnie psychiatrycznymi) oraz interdyscyplinarno\u015b\u0107 podstawy badawczej i artystycznej \u2013 tu skupionej na pracach s\u0142ynnego Viktora Turnera. Film (kt\u00f3ry finalnie ma trzy cz\u0119\u015bci) premierowo zaprezentowany zosta\u0142 na mojej du\u017cej indywidualnej wystawie prac wideo w BWA Awangarda we Wroc\u0142awiu w 2007 roku. Potem jeszcze parokrotnie j\u0105 prezentowa\u0142em (g\u0142\u00f3wnie za granic\u0105) \u2013 z czego najistotniejszy by\u0142 udzia\u0142 w wystawie <em>Performer<\/em> w Zach\u0119cie Narodowej Galerii Sztuki (gdzie prezentowano m. in. archiwalne zapisy \u0107wicze\u0144 aktor\u00f3w Teatru Laboratorium oraz kanoniczne performanse g\u0142\u00f3wnych przedstawicieli tego nurtu na \u015bwiecie.<\/span><\/h6>\n<p>[\/et_pb_text][et_pb_text _builder_version=&#8221;4.6.5&#8243; background_size=&#8221;initial&#8221; background_position=&#8221;top_left&#8221; background_repeat=&#8221;repeat&#8221; custom_padding=&#8221;||0px|||&#8221; link_option_url=&#8221;https:\/\/artmuseum.pl\/pl\/filmoteka\/praca\/sztwiertnia-grzegorz-historia-teatru-polskiego&#8221; use_border_color=&#8221;off&#8221; border_style=&#8221;solid&#8221;]<\/p>\n<h6><span style=\"font-size: x-small;\">Historia teatru polskiego jest jedn\u0105 z tych prac, w kt\u00f3rych Sztwiertnia przepracowuje toposy polskiej kultury reinterpretuj\u0105c je i wydobywaj\u0105c nowe w\u0105tki. Na warsztat bierze w\u0105tek pami\u0119ci cia\u0142a, dyscypliny i wyuczania zachowa\u0144, p\u00f3z, reakcji. W okresie powstawania filmu artysta wielokrotnie wsp\u00f3\u0142dzia\u0142a\u0142 z modelem Andrzejem Musia\u0142em pracuj\u0105cym przez lata na krakowskiej ASP.<\/span><\/h6>\n<h6><span style=\"font-size: x-small;\">Musia\u0142 odgrywa poprzez swoje cia\u0142o kluczowe momenty z historii polskiego teatru. Sztwiertnia pracuje z nim w oparciu o metod\u0119 Jerzego Grotowskiego, w kt\u00f3rego teatrze ubogim ekspresja cia\u0142a stanowi\u0142a podstawowy \u015brodek wyrazu. Ujawnia si\u0119 przy tym konieczno\u015b\u0107 dyscyplinowania i poprawiania aktora-modela, nauki konwencjonalnych sposob\u00f3w wyra\u017cania emocji. (ze strony Filmoteki Muzeum Sztuki Nowoczesnej w Warszawie)<\/span><\/h6>\n<p><span style=\"font-size: x-small;\"><\/span><\/p>\n<p><span style=\"font-size: x-small;\"><\/span><\/p>\n<h6><span style=\"font-size: x-small; color: #0c71c3;\">https:\/\/artmuseum.pl\/pl\/filmoteka\/praca\/sztwiertnia-grzegorz-historia-teatru-polskiego<\/span><\/h6>\n<p>[\/et_pb_text][\/et_pb_column_inner][\/et_pb_row_inner][\/et_pb_column][\/et_pb_section][et_pb_section fb_built=&#8221;1&#8243; specialty=&#8221;on&#8221; custom_padding_last_edited=&#8221;on|desktop&#8221; _builder_version=&#8221;3.22&#8243; custom_padding=&#8221;0px|0px|40px|0px&#8221; custom_padding_tablet=&#8221;50px|0|50px|0&#8243; custom_padding_phone=&#8221;&#8221; transparent_background=&#8221;off&#8221; padding_mobile=&#8221;off&#8221; make_fullwidth=&#8221;off&#8221; use_custom_width=&#8221;off&#8221; width_unit=&#8221;off&#8221; custom_width_px=&#8221;1080px&#8221; custom_width_percent=&#8221;80%&#8221;][et_pb_column type=&#8221;1_2&#8243; _builder_version=&#8221;3.25&#8243; custom_padding=&#8221;|||&#8221; custom_padding__hover=&#8221;|||&#8221;][et_pb_gallery gallery_ids=&#8221;1990,1991,1992,1993,1994,1995,1996,1997,1998,1999,2000,2001,2002,2003,2004,2005,2006,2007,2008,2009,2010,2011,2012,2013,2014,2036,2016,2017,2018,2019,2020,2021,2022,2023,2024,2025,2026,2027,2028,2029,2030,2031,2032,2033,2034,2035&#8243; fullwidth=&#8221;on&#8221; _builder_version=&#8221;3.0.87&#8243; caption_all_caps=&#8221;off&#8221; use_border_color=&#8221;off&#8221; border_color=&#8221;#ffffff&#8221; border_width=&#8221;1px&#8221; border_style=&#8221;solid&#8221;][\/et_pb_gallery][\/et_pb_column][et_pb_column type=&#8221;1_2&#8243; specialty_columns=&#8221;2&#8243; _builder_version=&#8221;3.25&#8243; custom_padding=&#8221;|||&#8221; custom_padding__hover=&#8221;|||&#8221;][et_pb_row_inner padding_mobile=&#8221;off&#8221; column_padding_mobile=&#8221;off&#8221; _builder_version=&#8221;3.25&#8243;][et_pb_column_inner saved_specialty_column_type=&#8221;1_2&#8243; _builder_version=&#8221;3.25&#8243; custom_padding=&#8221;|||&#8221; custom_padding__hover=&#8221;|||&#8221;][et_pb_text _builder_version=&#8221;4.6.5&#8243; background_size=&#8221;initial&#8221; background_position=&#8221;top_left&#8221; background_repeat=&#8221;repeat&#8221; custom_margin=&#8221;||0px|||&#8221; link_option_url=&#8221;https:\/\/vimeo.com\/466659611&#8243; use_border_color=&#8221;off&#8221; border_style=&#8221;solid&#8221; inline_fonts=&#8221;Lato&#8221;]<\/p>\n<h6><span style=\"font-size: x-small; color: #061299;\" wfd-id=\"9051\">PRZYJEMNO\u015a\u0106 TEKSTU | 2007 | 18&#8217;47&#8221;<\/span><\/h6>\n<h6><span style=\"font-size: x-small;\" wfd-id=\"9050\">Biblioteka G\u0142\u00f3wna ASP w Krakowie, 2007\u00a0<\/span><\/h6>\n<h6><span style=\"font-size: x-small;\" wfd-id=\"9049\">Fabularyzowany obraz na podstawie tekstu Rolanda Barthesa pod tym samym tytu\u0142em. Historia starego bibliotekarza &#8211; lunatyka odprawiaj\u0105cego dziwaczny rytua\u0142 na granicy snu i jawy.<\/span><\/h6>\n<h6><strong><span style=\"font-size: x-small;\" wfd-id=\"9048\">O \u201ePrzyjemno\u015bci tekstu\u201d \u2013 par\u0119s\u0142\u00f3w autora<\/span><\/strong><\/h6>\n<h6><span style=\"font-size: x-small;\" wfd-id=\"9047\">Ja, ni\u017cej podpisany, zosta\u0142em wychowany na \u201eLITERATURZE NA \u015aWIECIE\u2019, za\u015b inicjowany w wieku lat 16, przez szczeg\u00f3lne upodobanie (i gor\u0105c\u0105 relacj\u0119) do Gertrudy Stein oraz Susan Sontag (kryptonim 9\/101). Cudowne brzmienie tych rozpoczynaj\u0105cych si\u0119 na \u201eS\u201d nazwisk (dzi\u015b ju\u017c duch\u00f3w), ekstatycznie rezonowa\u0142o (i rezonuje do dzi\u015b) w uszach moich (DUCHA \u2013 UCHA) z innym \u201eS\u201d, kt\u00f3rego jestem dysponentem.<\/span><\/h6>\n<h6><span style=\"font-size: x-small;\" wfd-id=\"9046\">\u201ePotrzebujemy erotyzmu w kontakcie ze sztuk\u0105\u201d \u2013 poucza\u0142a Susan \u2013\u00a0 a ja zosta\u0142em jej pilnym uczniem.\u00a0<\/span><span style=\"font-family: Lato; font-weight: normal; font-size: x-small;\" wfd-id=\"9045\">W 1997 roku kupi\u0142em ksi\u0105\u017ceczk\u0119 niejakiego R. Barthesa o \u201eprzyjemno\u015bciach tekstu\u201d. Dawne uczucia o\u017cy\u0142y: zdumiewaj\u0105ce zdania tego my\u015bliciela ponownie naoliwi\u0142y moje m\u00f3zgowe tryby.\u00a0<\/span><span style=\"font-family: Lato; font-weight: normal; font-size: x-small;\" wfd-id=\"9044\">Wiedzia\u0142em teraz, \u017ce nie myli\u0142em si\u0119! Nie dzia\u0142a\u0142em w afekcie<\/span>\u00a0<span wfd-id=\"9043\" style=\"font-size: x-small;\">(albo gorzej \u2013 w zamroczeniu)! Tekst ponownie przem\u00f3wi\u0142 do mnie czule.<\/span><span style=\"font-size: 14px;\" wfd-id=\"9042\">\u00a0<\/span><span wfd-id=\"9041\" style=\"font-size: x-small;\">Ta czu\u0142o\u015b\u0107 (kt\u00f3ra \u0142\u0105czy si\u0119 z moim ukochanym \u017cydowskim mistycyzmem), kierowa\u0142a ca\u0142\u0105 prac\u0105 nad \u201ePrzyjemno\u015bci\u0105 tekstu\u201d, najnowszym moim dzie\u0142em. Dzie\u0142o to zdumiewaj\u0105ce za spraw\u0105 g\u0142\u00f3wnego bohatera \u2013 Starego Bibliotekarza \u2013 ob\u0142\u0119dnego lunatyka,\u00a0\u00a0\u00a0\u00a0 w kt\u00f3rego wcieli\u0142 si\u0119 Wielki Pan Andrzej \u2013 MISTRZ CERERMONII ODKUPIENIA PRZEZ S\u0141OWO.<\/span><\/h6>\n<h6><span style=\"font-size: x-small;\" wfd-id=\"9040\">Wszyscy razem tworzymy tajemny Zwi\u0105zek Obro\u0144c\u00f3w Praw S\u0142owa \u2013 kultywuj\u0105cy najlepsze tradycje W\u0142adzy J\u0119zyk\u00f3w (glosolalii). Dw\u00f3ch Kawaler\u00f3w i dwie Dziewice \u2013 oto wsp\u00f3\u0142czesny obraz S\u0141OWA w \u015bwiecie \u2013 LITERATURY NA \u015aWIECIE.<\/span><\/h6>\n<p><span style=\"font-size: x-small; color: #0c71c3;\">\u00a0https:\/\/vimeo.com\/466659611<\/span><\/p>\n<p><span style=\"font-size: x-small;\" wfd-id=\"9039\"><\/span><\/p>\n<p><span style=\"font-size: x-small;\" wfd-id=\"9038\"><\/span><\/p>\n<p>[\/et_pb_text][\/et_pb_column_inner][\/et_pb_row_inner][\/et_pb_column][\/et_pb_section][et_pb_section fb_built=&#8221;1&#8243; specialty=&#8221;on&#8221; custom_padding_last_edited=&#8221;on|desktop&#8221; _builder_version=&#8221;3.22&#8243; custom_padding=&#8221;0px|0px|40px|0px&#8221; custom_padding_tablet=&#8221;50px|0|50px|0&#8243; custom_padding_phone=&#8221;&#8221; transparent_background=&#8221;off&#8221; padding_mobile=&#8221;off&#8221; make_fullwidth=&#8221;off&#8221; use_custom_width=&#8221;off&#8221; width_unit=&#8221;off&#8221; custom_width_px=&#8221;1080px&#8221; custom_width_percent=&#8221;80%&#8221;][et_pb_column type=&#8221;1_2&#8243; _builder_version=&#8221;3.25&#8243; custom_padding=&#8221;|||&#8221; custom_padding__hover=&#8221;|||&#8221;][et_pb_gallery gallery_ids=&#8221;2119,2120,2121,2122,2123,2124,2125,2126,2127,2128,2129,2130,2131,2132,2133,2134,2135,2136,2137,2138,2139,2140,2141,2142,2143,2144,2145,2146,2201,2148,2149,2150,2151,2152,2153,2154,2155,2156,2157,2158,2159,2160,2161,2162,2163,2164,2165,2166,2167,2168,2169,2170,2171,2172,2173,2174,2175,2176,2177,2178,2179,2180,2181,2182,2183,2184,2185,2186,2187,2202,2189,2190,2191,2192,2193,2194,2195,2196,2197,2198,2199,2200&#8243; fullwidth=&#8221;on&#8221; _builder_version=&#8221;3.0.87&#8243; caption_all_caps=&#8221;off&#8221; use_border_color=&#8221;off&#8221; border_color=&#8221;#ffffff&#8221; border_width=&#8221;1px&#8221; border_style=&#8221;solid&#8221;][\/et_pb_gallery][\/et_pb_column][et_pb_column type=&#8221;1_2&#8243; specialty_columns=&#8221;2&#8243; _builder_version=&#8221;3.25&#8243; custom_padding=&#8221;|||&#8221; custom_padding__hover=&#8221;|||&#8221;][et_pb_row_inner padding_mobile=&#8221;off&#8221; column_padding_mobile=&#8221;off&#8221; _builder_version=&#8221;3.25&#8243;][et_pb_column_inner saved_specialty_column_type=&#8221;1_2&#8243; _builder_version=&#8221;3.25&#8243; custom_padding=&#8221;|||&#8221; custom_padding__hover=&#8221;|||&#8221;][et_pb_text _builder_version=&#8221;4.6.5&#8243; background_size=&#8221;initial&#8221; background_position=&#8221;top_left&#8221; background_repeat=&#8221;repeat&#8221; custom_margin=&#8221;||-2px|||&#8221; link_option_url=&#8221;https:\/\/vimeo.com\/471060370&#8243; use_border_color=&#8221;off&#8221; border_style=&#8221;solid&#8221;]<\/p>\n<h6><span style=\"font-size: x-small; color: #070996;\">RYTUA\u0141 | 2009 | 17\u201930\u2019\u2019<\/span><\/h6>\n<h6><span style=\"font-size: x-small;\">Zwyczaj palenia Judosza najprawdopodobniej wywodzi si\u0119 z wczesnego \u015bredniowiecza. Przyjmuje si\u0119, \u017ce obrz\u0119d zosta\u0142 przeniesiony z czeskich Moraw na prze\u0142omie XVIII i XIX wieku za spraw\u0105 pochodz\u0105cego z tamtych okolic kupca tekstylnego Rudolfa Fiali. W Skoczowie obrz\u0119d \u0142\u0105czy si\u0119 z tzw. Wielkoczwartkowym zawi\u0105zaniem dzwon\u00f3w. Po II wojnie \u015bwiatowej zwyczaj kultywowany by\u0142 do lat 50. po czym nast\u0105pi\u0142a przerwa. Dopiero w 1986 roku Towarzystwo Mi\u0142o\u015bnik\u00f3w Skoczowa oraz miejscowi stra\u017cacy wskrzesili star\u0105 tradycj\u0119 pochodu i palenia Judosza w Wielkim Tygodniu.<\/span><\/h6>\n<h6><span style=\"font-size: x-small;\">Ten film to zapis specyficznego, lokalnego obrz\u0119du zwi\u0105zanego z obchodami Wielkiego Pi\u0105tku i Wielkiej Soboty. Posta\u0107 Wielkiego Chocho\u0142a \u2013 Judosza \u2013 wywo\u0142uje dzi\u015b niepokoj\u0105ce skojarzenia. Nie wiadomo, jakie w istocie jest \u017ar\u00f3d\u0142o reaktywacji tego starego miasteczkowego zwyczaju.<\/span><\/h6>\n<p><span style=\"font-size: x-small;\"><\/span><\/p>\n<p><span style=\"font-size: x-small; color: #0c71c3;\">https:\/\/vimeo.com\/471060370<\/span><\/p>\n<p><span style=\"font-size: x-small;\"><\/span><\/p>\n<p>[\/et_pb_text][\/et_pb_column_inner][\/et_pb_row_inner][\/et_pb_column][\/et_pb_section][et_pb_section fb_built=&#8221;1&#8243; specialty=&#8221;on&#8221; custom_padding_last_edited=&#8221;on|desktop&#8221; _builder_version=&#8221;3.22&#8243; custom_padding=&#8221;0px|0px|40px|0px&#8221; custom_padding_tablet=&#8221;50px|0|50px|0&#8243; custom_padding_phone=&#8221;&#8221; transparent_background=&#8221;off&#8221; padding_mobile=&#8221;off&#8221; make_fullwidth=&#8221;off&#8221; use_custom_width=&#8221;off&#8221; width_unit=&#8221;off&#8221; custom_width_px=&#8221;1080px&#8221; custom_width_percent=&#8221;80%&#8221;][et_pb_column type=&#8221;1_2&#8243; _builder_version=&#8221;3.25&#8243; custom_padding=&#8221;|||&#8221; custom_padding__hover=&#8221;|||&#8221;][et_pb_gallery gallery_ids=&#8221;2204,2205,2206,2207,2208,2209,2210,2211,2212,2213,2214,2215,2216,2217,2218,2219,2220,2221,2222,2223,2224,2225,2226,2227,2228,2229,2230,2231,2232,2233,2234,2235,2236,2237,2238,2239,2248,2240,2241,2242,2243,2244,2245,2246,2247&#8243; fullwidth=&#8221;on&#8221; _builder_version=&#8221;3.0.87&#8243; caption_all_caps=&#8221;off&#8221; use_border_color=&#8221;off&#8221; border_color=&#8221;#ffffff&#8221; border_width=&#8221;1px&#8221; border_style=&#8221;solid&#8221;][\/et_pb_gallery][\/et_pb_column][et_pb_column type=&#8221;1_2&#8243; specialty_columns=&#8221;2&#8243; _builder_version=&#8221;3.25&#8243; custom_padding=&#8221;|||&#8221; custom_padding__hover=&#8221;|||&#8221;][et_pb_row_inner padding_mobile=&#8221;off&#8221; column_padding_mobile=&#8221;off&#8221; _builder_version=&#8221;3.25&#8243;][et_pb_column_inner saved_specialty_column_type=&#8221;1_2&#8243; _builder_version=&#8221;3.25&#8243; custom_padding=&#8221;|||&#8221; custom_padding__hover=&#8221;|||&#8221;][et_pb_text _builder_version=&#8221;3.27.4&#8243; background_size=&#8221;initial&#8221; background_position=&#8221;top_left&#8221; background_repeat=&#8221;repeat&#8221; use_border_color=&#8221;off&#8221; border_style=&#8221;solid&#8221;]<\/p>\n<h6><span style=\"font-size: x-small; color: #0613a0;\" wfd-id=\"16665\">PSYCHO\u00b2 | 2010 | 93&#8242;<\/span><\/h6>\n<h6><span style=\"font-size: x-small;\" wfd-id=\"16664\">found-footage, cz.-b., czas: 1 godz. 33 min.<\/span><\/h6>\n<h6><span style=\"font-size: x-small;\" wfd-id=\"16663\">Film <em>Psycho\u00b2<\/em> powsta\u0142, jako ho\u0142d z\u0142o\u017cony dw\u00f3m re\u017cyserom: Alfredowi Hitchcockowi i Gusowi Van Santowi, kt\u00f3ry wcze\u015bniej (1998) z\u0142o\u017cy\u0142 ho\u0142d Hitchcockowi powtarzaj\u0105c trzydzie\u015bci lat po nakr\u0119ceniu tego arcydzie\u0142a sztuki filmowej, uj\u0119cie po uj\u0119ciu, jego legendarn\u0105 <em>Psychoz\u0119 <\/em>(1960) By\u0142o to jedyne tego typu przedsi\u0119wzi\u0119cie w historii kina (wcze\u015bniejsze i p\u00f3\u017aniejsze <em>remaki <\/em>nie mia\u0142y ani tej czysto\u015bci konceptualnego zamys\u0142u, ani tak g\u0142\u0119bokiej \u015bwiadomo\u015bci filmowego medium), kt\u00f3re sk\u0142oni\u0142o mnie do stworzenia tego niezwyk\u0142ego koncentratu filmowej wra\u017cliwo\u015bci i mi\u0142o\u015bci do kina \u2013 do po\u0142\u0105czenia obydwu realizacji w jeden intryguj\u0105cy utw\u00f3r. Sam fenomen kina, jako specyficzny spirytystyczny seans zmieszany z psychoanalityczn\u0105 sesj\u0105 daje odczucie przebywania w krainie duch\u00f3w. Duchy, dybuki, zjawy to prawdziwi bohaterowie stuletniej historii kina. Poprzez precyzyjny monta\u017c oraz zsynchronizowanie obrazu i d\u017awi\u0119ku oryginalnych film\u00f3w wy\u0142oni\u0142 si\u0119 wyra\u017any wsp\u00f3lny g\u0142os zza \u015bwiat\u00f3w&#8230; Dodatkow\u0105 zach\u0119t\u0105 do podj\u0119cia przeze mnie tego wyzwania by\u0142 fakt, i\u017c zar\u00f3wno w trakcie powstawania remake\u2019u, jak i w czasie jego premiery na van Santa posypa\u0142a si\u0119 fala drwin i krytyki.<\/span><\/h6>\n<p>\u00a0<\/p>\n<p>[\/et_pb_text][\/et_pb_column_inner][\/et_pb_row_inner][\/et_pb_column][\/et_pb_section][et_pb_section fb_built=&#8221;1&#8243; specialty=&#8221;on&#8221; custom_padding_last_edited=&#8221;on|desktop&#8221; _builder_version=&#8221;3.22&#8243; custom_padding=&#8221;0px|0px|40px|0px&#8221; custom_padding_tablet=&#8221;50px|0|50px|0&#8243; custom_padding_phone=&#8221;&#8221; transparent_background=&#8221;off&#8221; padding_mobile=&#8221;off&#8221; make_fullwidth=&#8221;off&#8221; use_custom_width=&#8221;off&#8221; width_unit=&#8221;off&#8221; custom_width_px=&#8221;1080px&#8221; custom_width_percent=&#8221;80%&#8221;][et_pb_column type=&#8221;1_2&#8243; _builder_version=&#8221;3.25&#8243; custom_padding=&#8221;|||&#8221; custom_padding__hover=&#8221;|||&#8221;][et_pb_gallery gallery_ids=&#8221;2274,2275,2276,2277,2278,2279,2280,2281,2282,2283,2284,2285,2287,2288,2289,2290,2291,2292,2293,2294,2295,2296,2297,2298,2299,2300,2301,2302,2303&#8243; fullwidth=&#8221;on&#8221; _builder_version=&#8221;3.0.87&#8243; caption_all_caps=&#8221;off&#8221; use_border_color=&#8221;off&#8221; border_color=&#8221;#ffffff&#8221; border_width=&#8221;1px&#8221; border_style=&#8221;solid&#8221;][\/et_pb_gallery][\/et_pb_column][et_pb_column type=&#8221;1_2&#8243; specialty_columns=&#8221;2&#8243; _builder_version=&#8221;3.25&#8243; custom_padding=&#8221;|||&#8221; custom_padding__hover=&#8221;|||&#8221;][et_pb_row_inner padding_mobile=&#8221;off&#8221; column_padding_mobile=&#8221;off&#8221; _builder_version=&#8221;3.25&#8243;][et_pb_column_inner saved_specialty_column_type=&#8221;1_2&#8243; _builder_version=&#8221;3.25&#8243; custom_padding=&#8221;|||&#8221; custom_padding__hover=&#8221;|||&#8221;][et_pb_text _builder_version=&#8221;3.27.4&#8243; background_size=&#8221;initial&#8221; background_position=&#8221;top_left&#8221; background_repeat=&#8221;repeat&#8221; use_border_color=&#8221;off&#8221; border_style=&#8221;solid&#8221;]<\/p>\n<h6><span style=\"font-size: x-small; color: #061d84;\" wfd-id=\"31470\">(P)RESIDENTS | 2009\/2014 | 14\u201947<\/span><\/h6>\n<h6><span style=\"font-size: x-small;\" wfd-id=\"31469\">instalacja wideo<\/span><\/h6>\n<h6><span style=\"font-size: x-small;\" wfd-id=\"31468\">Praca &#8222;(P)Residents&#8221; powsta\u0142a na bazie materia\u0142\u00f3w zarejestrowanych w pa\u017adzierniku 2009 roku podczas akcji i konferencji naukowej &#8222;Za-skoczenie. Modernizm na peryferiach&#8221;, przygotowanej przez student\u00f3w Historii Sztuki Uniwersytetu Jagiello\u0144skiego zrzeszonych w Kole Naukowym Student\u00f3w Historii Sztuki, po\u015bwi\u0119conej rozwojowi polskiej architektury modernistycznej w rejonach Skoczowa (gdzie mieszkam od urodzenia), G\u00f3rnego \u015al\u0105ska i Pomorza. Po raz pierwszy pokazana zosta\u0142a na wystawie &#8222;Rest-Art-Work&#8221;, kt\u00f3ra mia\u0142a miejsce w starej hali krakowskiej elektrowni przy ul. Wawrzy\u0144ca 19. W wystawie wzi\u0119li udzia\u0142 arty\u015bci z Polski i Niemiec, kt\u00f3rzy w swoich pracach odnie\u015bli si\u0119 m.in. do problemu upadku i zaniku tradycyjnych modeli pracy i zawod\u00f3w, zast\u0119powanych przez system &#8222;\u015bmieciowy&#8221; tworz\u0105cy now\u0105 klas\u0119 spo\u0142eczn\u0105 &#8211; prekariat.<\/span><\/h6>\n<h6><span style=\"font-size: x-small;\" wfd-id=\"31467\">&#8222;(P)Residents&#8221; porusza problem mniejszo\u015bci \u015bl\u0105skiej, kt\u00f3ra przez lata Polski Ludowej by\u0142a postrzegana jako uprzywilejowana grupa spo\u0142eczna wyj\u0105tkowo szczodrze obdarowywana przywilejami przez kolejne rz\u0105dy. Dotyczy\u0142o to jednak &#8211; co by\u0142o przemilczane &#8211; nielicznych grup spo\u0142ecznych i \u015brodowisk, co zak\u0142amywa\u0142o obraz faktycznej kondycji regionu. Ta \u015bwiadomo\u015b\u0107 historycznego wyzysku i gospodarki rabunkowej &#8211; r\u00f3wnie\u017c kapita\u0142u ludzkiego &#8211; spowodowa\u0142a powstanie organizacji separatystycznych na G\u00f3rnym \u015al\u0105sku (\u015al\u0105ski Ruch Separatystyczny, Ruch Autonomii \u015al\u0105ska, Zwi\u0105zek Ludno\u015bci Narodowo\u015bci \u015al\u0105skiej). Praca dedykowana G\u00f3rnemu \u015al\u0105skowi ukazuje bolesny dualizm, jaki trapi ten region: z jednej strony jawi si\u0119 jako figura najwy\u017cej uprzywilejowana (Prezydent), z drugiej &#8211; kontrowana przez swoje szkaradne, czarne oblicze i charakter: alkoholizm, narkomani\u0119, bezrobocie, bied\u0119, wykluczenie (Rezydent). Istot\u0105 tego uj\u0119cia jest za\u015b ustawiczne przechodzenie z jednego stanu w drugi, permanentne przenikanie si\u0119 tych dw\u00f3ch przeciwstawnych figur i ich wi\u0119\u017a (braterstwo krwi).<\/span><\/h6>\n<p>[\/et_pb_text][et_pb_text _builder_version=&#8221;3.27.4&#8243; background_size=&#8221;initial&#8221; background_position=&#8221;top_left&#8221; background_repeat=&#8221;repeat&#8221; use_border_color=&#8221;off&#8221; border_style=&#8221;solid&#8221;]<\/p>\n<h6><span style=\"font-size: x-small;\" wfd-id=\"3022\">Film przedstawia dwie wizyty w dw\u00f3ch, zdawa\u0142oby si\u0119 skrajnie odmiennych, miejscach. \u0141\u0105czy je jednak co\u015b istotnego \u2013 mianowicie nieprzewidywalno\u015b\u0107 ludzkiego losu. Odleg\u0142o\u015b\u0107 od Prezydenta\u00a0 do Rezydenta jest nie wi\u0119ksza ni\u017c d\u0142ugo\u015b\u0107\u00a0\u00a0\u00a0\u00a0 wyci\u0105gni\u0119tego ramienia&#8230; w ge\u015bcie powitania lub po\u017cegnania.\u00a0\u00a0\u00a0\u00a0\u00a0\u00a0\u00a0\u00a0\u00a0\u00a0\u00a0\u00a0\u00a0\u00a0\u00a0\u00a0\u00a0\u00a0\u00a0\u00a0\u00a0\u00a0\u00a0\u00a0\u00a0\u00a0\u00a0\u00a0\u00a0\u00a0\u00a0\u00a0\u00a0\u00a0\u00a0\u00a0\u00a0\u00a0\u00a0\u00a0\u00a0\u00a0\u00a0\u00a0\u00a0\u00a0\u00a0\u00a0\u00a0\u00a0\u00a0\u00a0\u00a0\u00a0\u00a0\u00a0\u00a0\u00a0 <strong>\u00a0 \u00a0 \u00a0 \u00a0 \u00a0 \u00a0<\/strong><\/span><strong>\u00a0 \u00a0 \u00a0 \u00a0 \u00a0 \u00a0 \u00a0 \u00a0 \u00a0 \u00a0 \u00a0 \u00a0 \u00a0 \u00a0 \u00a0 \u00a0 \u00a0 \u00a0 \u00a0 \u00a0 \u00a0<\/strong><\/h6>\n<h6><span style=\"font-size: x-small;\" wfd-id=\"3021\">Rezydencja Prezydenta RP Zamek w Wi\u015ble po\u0142o\u017cona jest w Beskidzie \u015al\u0105skim, na p\u00f3\u0142nocno-wschodnim stoku Zadniego Gronia (728 m n. p. m.), niedaleko zbiegu potok\u00f3w Bia\u0142ej i Czarnej Wise\u0142ki. Zamek ten to modernistyczny kompleks, wzniesiony w latach 1929\u20131930 wed\u0142ug projektu <a href=\"http:\/\/pl.wikipedia.org\/wiki\/Adolf_Szyszko-Bohusz\">Adolfa Szyszko-Bohusza<\/a> dla prezydenta RP <a href=\"http:\/\/pl.wikipedia.org\/wiki\/Ignacy_Mo\u015bcicki\">Ignacego Mo\u015bcickiego<\/a>; w latach 1931\u20131952 i od 2002 rezydencja <a href=\"http:\/\/pl.wikipedia.org\/wiki\/Prezydent_Rzeczypospolitej_Polskiej\">Prezydenta Rzeczypospolitej Polskiej<\/a>. Rezydencj\u0119 tworzy zesp\u00f3\u0142 budynk\u00f3w: historyczny Zamek G\u00f3rny wraz z drewnian\u0105 kaplic\u0105 p. w. \u015bw. Jadwigi \u015al\u0105skiej; Zamek Dolny \u2013 dzi\u015b og\u00f3lnodost\u0119pny hotel z 15 komfortowymi pokojami i apartamentami oraz Gaj\u00f3wka \u2013 mieszcz\u0105ca restauracj\u0119, 12 pokoi go\u015bcinnych i dwie sale szkoleniowe.<\/span><\/h6>\n<h6><span style=\"font-size: x-small;\" wfd-id=\"3020\">Oddzia\u0142 Terapii Uzale\u017cnienia od Alkoholu w Skoczowie na ul. Katowickiej 21 stanowi Fili\u0119 Centrum Psychiatrii w Katowicach. Jest Publicznym Zak\u0142adem Opieki Zdrowotnej finansowanym przez NFZ. Plac\u00f3wka powsta\u0142a w Katowicach Szopienicach w latach osiemdziesi\u0105tych i tam znajdowa\u0142a si\u0119 jej wieloletnia siedziba. W roku 2001 zosta\u0142a przeniesiona do Skoczowa. Usytuowana jest w ustronnym miejscu na peryferiach miasta. Niewielki park otaczaj\u0105cy obiekty pozwala na wyciszenie i refleksj\u0119.<\/span><\/h6>\n<h6><span style=\"font-size: x-small;\" wfd-id=\"3019\">Impulsem do powstania <em>(P)Rezydent\u00f3w <\/em>by\u0142 projekt student\u00f3w z Instytutu Historii Sztuki UJ, kt\u00f3rzy w 2009 roku, pod merytoryczn\u0105 opiek\u0105 Andrzeja Szczerskiego zaj\u0119li si\u0119 dokumentacj\u0105 stanu dw\u00f3ch modernistycznych willi zbudowanych w latach 30. na terenie Skoczowa. Pierwsz\u0105 zaprojektowa\u0142 Josef Hoffmann na zlecenie lokalnego przedsi\u0119biorcy i jednocze\u015bnie malarza, Frederica Sinaibergera; drug\u0105 na zam\u00f3wienie Oskara Spitzera zaprojektowa\u0142 Jacques Groag \u2013 architekci wiede\u0144scy.\u00a0 W wyniku drugiej II wojny \u015bwiatowej w\u0142a\u015bciciele wyemigrowali do USA. Oba budynki pe\u0142ni\u0142y od tego czasu najrozmaitsze funkcje &#8211; remontowano je i przebudowywano, a siedziby mia\u0142y w nich m. in. gestapo, UB czy obecnie O\u015brodek Terapii Uzale\u017cnienia od Alkoholu.<\/span><\/h6>\n<h6><span style=\"font-size: x-small;\" wfd-id=\"3018\">\u015acie\u017cka d\u017awi\u0119kowa powsta\u0142a z kompilacji fragment\u00f3w dw\u00f3ch \u017ar\u00f3de\u0142:\u00a0<\/span><span style=\"font-size: x-small;\">kompozycji Annus mirabilis z 1995 roku Eugeniusza Rudnika \u2013 kompilacji d\u017awi\u0119kowej z materia\u0142\u00f3w archiwalnych oraz \u015bcie\u017cki d\u017awi\u0119kowej z etiudy dokumentalnej Marka Koterskiego z 1972 roku<\/span><\/h6>\n<p>[\/et_pb_text][\/et_pb_column_inner][\/et_pb_row_inner][\/et_pb_column][\/et_pb_section][et_pb_section fb_built=&#8221;1&#8243; specialty=&#8221;on&#8221; custom_padding_last_edited=&#8221;on|desktop&#8221; _builder_version=&#8221;3.22&#8243; custom_padding=&#8221;0px|0px|40px|0px&#8221; custom_padding_tablet=&#8221;50px|0|50px|0&#8243; custom_padding_phone=&#8221;&#8221; transparent_background=&#8221;off&#8221; padding_mobile=&#8221;off&#8221; make_fullwidth=&#8221;off&#8221; use_custom_width=&#8221;off&#8221; width_unit=&#8221;off&#8221; custom_width_px=&#8221;1080px&#8221; custom_width_percent=&#8221;80%&#8221;][et_pb_column type=&#8221;1_2&#8243; _builder_version=&#8221;3.25&#8243; custom_padding=&#8221;|||&#8221; custom_padding__hover=&#8221;|||&#8221;][et_pb_gallery gallery_ids=&#8221;2308,2309,2310,2311,2312,2313,2314,2315,2316,2317,2318,2319,2320,2321,2322&#8243; fullwidth=&#8221;on&#8221; _builder_version=&#8221;3.0.87&#8243; caption_all_caps=&#8221;off&#8221; use_border_color=&#8221;off&#8221; border_color=&#8221;#ffffff&#8221; border_width=&#8221;1px&#8221; border_style=&#8221;solid&#8221;][\/et_pb_gallery][\/et_pb_column][et_pb_column type=&#8221;1_2&#8243; specialty_columns=&#8221;2&#8243; _builder_version=&#8221;3.25&#8243; custom_padding=&#8221;|||&#8221; custom_padding__hover=&#8221;|||&#8221;][et_pb_row_inner padding_mobile=&#8221;off&#8221; column_padding_mobile=&#8221;off&#8221; _builder_version=&#8221;3.25&#8243;][et_pb_column_inner saved_specialty_column_type=&#8221;1_2&#8243; _builder_version=&#8221;3.25&#8243; custom_padding=&#8221;|||&#8221; custom_padding__hover=&#8221;|||&#8221;][et_pb_text _builder_version=&#8221;3.27.4&#8243; background_size=&#8221;initial&#8221; background_position=&#8221;top_left&#8221; background_repeat=&#8221;repeat&#8221; use_border_color=&#8221;off&#8221; border_style=&#8221;solid&#8221;]<\/p>\n<h6><span style=\"font-size: x-small; color: #022384;\" wfd-id=\"8796\">FAMILY PLOT\/INTRYGA RODZINNA | 2016 | 17\u2019<\/span><\/h6>\n<h6><span style=\"font-size: x-small;\" wfd-id=\"8795\"><em>Family plot <\/em>to skomplikowana i precyzyjnie przemontowana s\u0142ynna scena snu agenta Dale&#8217;a Coopera z pierwszego sezonu serialu wszech czas\u00f3w \u201eMiasteczko Twin Peaks\u201d Davida Lyncha i Roberta Frosta (1990-1991). Sk\u0142ada si\u0119 z czterech cz\u0119\u015bci przedstawiaj\u0105cych r\u00f3\u017cne spojrzenia na scen\u0119 hipotetycznej rodzinnej intrygi, kt\u00f3ra przebrana w pseudopsychoanalityczny kostium zwodzi widza iluzj\u0105 zrozumienia jej sensu. Przewodnikiem i zarazem z\u0142owrogim <em>tricksterem <\/em>jest karze\u0142 \u2013 idealna figura fenomenu i magii kina.<\/span><\/h6>\n<h6><span style=\"font-size: x-small;\" wfd-id=\"8794\">FAMILY PLOT | INTRYGA RODZINNA \u2013 badanie<\/span><\/h6>\n<h6><span style=\"font-size: x-small;\" wfd-id=\"8793\">I am his mother, but he\u2019s not my son\/ I am her father, but she&#8217;s not my daughter \/ I am her brother, but she&#8217;s not my sister \/ I&#8217;m your sister, but you&#8217;re not my brother \/ She&#8217;s my cousin \/ You&#8217;re not you \/ She&#8217;s not me \/ About her&#8230; \/ He&#8217;s not me<\/span><\/h6>\n<p><span style=\"font-size: x-small;\" wfd-id=\"8792\"> Wszystkie opisane powy\u017cej historie s\u0105 przyk\u0142adem GSA. GSA (Genetic Sexual Attraction &#8211; ang.) czyli &#8222;Genetyczny Poci\u0105g Seksualny&#8221; pojawia si\u0119 pomi\u0119dzy krewnymi w linii prostej (matka i syn, c\u00f3rka i ojciec czy rodze\u0144stwo), pod warunkiem, \u017ce dzieli\u0142a ich wieloletnia roz\u0142\u0105ka. GSA bywa tak\u017ce nazywany &#8222;adult reunion syndrome&#8221;.<\/span><\/p>\n<h6><\/h6>\n<h6><span style=\"font-size: x-small;\" wfd-id=\"8791\">Barbara Gonyo uruchomi\u0142a stron\u0119 internetow\u0105 geneticsexualattraction.com w 2000 roku.<\/span><\/h6>\n<h6><span style=\"font-size: x-small;\" wfd-id=\"8790\"> GSA (Genetic Sexual Attraction) (Grzegorz Sztwiertnia Advertises)<\/span><\/h6>\n<h6><span style=\"font-size: x-small;\" wfd-id=\"8789\">GPS (Genetyczny Poci\u0105g Seksualny)\u00a0<\/span><\/h6>\n<h6><span style=\"font-size: x-small;\" wfd-id=\"8788\">Footage:<\/span><\/h6>\n<h6><span style=\"font-size: x-small;\" wfd-id=\"8787\">Twin Peaks (TV Series 1990-1991)\/Miasteczko Twin Peaks (serial TV 1990-1991), David Lynch, Mark Frost<\/span><\/h6>\n<p>[\/et_pb_text][\/et_pb_column_inner][\/et_pb_row_inner][\/et_pb_column][\/et_pb_section][et_pb_section fb_built=&#8221;1&#8243; specialty=&#8221;on&#8221; custom_padding_last_edited=&#8221;on|desktop&#8221; _builder_version=&#8221;3.22&#8243; custom_padding=&#8221;0px|0px|40px|0px&#8221; custom_padding_tablet=&#8221;50px|0|50px|0&#8243; custom_padding_phone=&#8221;&#8221; transparent_background=&#8221;off&#8221; padding_mobile=&#8221;off&#8221; make_fullwidth=&#8221;off&#8221; use_custom_width=&#8221;off&#8221; width_unit=&#8221;off&#8221; custom_width_px=&#8221;1080px&#8221; custom_width_percent=&#8221;80%&#8221;][et_pb_column type=&#8221;1_2&#8243; _builder_version=&#8221;3.25&#8243; custom_padding=&#8221;|||&#8221; custom_padding__hover=&#8221;|||&#8221;][et_pb_gallery gallery_ids=&#8221;2323,2324,2325,2326,2327,2328,2329,2330,2331,2332,2333,2334,2335,2337,2338,2339,2340,2341,2342,2343,2344,2345,2346,2347,2348,2349,2351,2352,2353,2354,2355,2356,2357,2358,2359,2360,2361,2362,2363,2364,2365,2366,2367,2368,2369,2370,2371&#8243; fullwidth=&#8221;on&#8221; _builder_version=&#8221;3.0.87&#8243; caption_all_caps=&#8221;off&#8221; use_border_color=&#8221;off&#8221; border_color=&#8221;#ffffff&#8221; border_width=&#8221;1px&#8221; border_style=&#8221;solid&#8221;][\/et_pb_gallery][\/et_pb_column][et_pb_column type=&#8221;1_2&#8243; specialty_columns=&#8221;2&#8243; _builder_version=&#8221;3.25&#8243; custom_padding=&#8221;|||&#8221; custom_padding__hover=&#8221;|||&#8221;][et_pb_row_inner padding_mobile=&#8221;off&#8221; column_padding_mobile=&#8221;off&#8221; _builder_version=&#8221;3.25&#8243;][et_pb_column_inner saved_specialty_column_type=&#8221;1_2&#8243; _builder_version=&#8221;3.25&#8243; custom_padding=&#8221;|||&#8221; custom_padding__hover=&#8221;|||&#8221;][et_pb_text _builder_version=&#8221;3.27.4&#8243; background_size=&#8221;initial&#8221; background_position=&#8221;top_left&#8221; background_repeat=&#8221;repeat&#8221; use_border_color=&#8221;off&#8221; border_style=&#8221;solid&#8221;]<\/p>\n<h6 class=\"Standard\"><span style=\"font-size: x-small; color: #011d99;\" wfd-id=\"12870\">ZGUBY\/LOST AND FOUND | 2016 | 19\u201930\u2019\u2019<i><o:p>\u00a0<\/o:p><\/i><\/span><\/h6>\n<h6 class=\"Standard\"><span style=\"font-size: x-small;\" wfd-id=\"12869\"><i>Zguby\/Lost and Found<\/i> to dwudziestominutowy obraz zrealizowany w ca\u0142o\u015bci metod\u0105 found-footage, ukazuj\u0105cy fenomen symbolicznej podr\u00f3\u017cy w za\u015bwiatach. To kr\u00f3tkie, pe\u0142ne absurdalnych zap\u0119tle\u0144 i niejasnych intencji opowie\u015bci o desperackich pr\u00f3bach odzyskania utraconej pami\u0119ci i to\u017csamo\u015bci w dramatycznych scenografiach labiryntu kana\u0142\u00f3w, w kt\u00f3rych bohaterowie filmu walcz\u0105 o przetrwanie.<\/span><\/h6>\n<h6 class=\"Standard\"><span style=\"font-size: x-small;\" wfd-id=\"12868\">W obrazie wykorzystano fragmenty film\u00f3w:<\/span><o:p><\/o:p><\/h6>\n<h6 class=\"Standard\"><span style=\"font-size: x-small;\" wfd-id=\"12867\"><i>Kana\u0142<\/i>, 1956, re\u017c. Andrzej Wajda<\/span><o:p><\/o:p><\/h6>\n<h6 class=\"Standard\"><span style=\"font-size: x-small;\" wfd-id=\"12866\"><i>Delicatessen<\/i>, 1991, re\u017c Marc Caro, Jean-Pierre Jeunet<\/span><o:p><\/o:p><\/h6>\n<h6 class=\"Standard\"><span style=\"font-size: x-small;\" wfd-id=\"12865\"><i>W ciemno\u015bci\/In Darkness<\/i>, 2011, re\u017c. Agnieszka Holland<\/span><o:p><\/o:p><\/h6>\n<h6 class=\"Standard\"><span style=\"font-size: x-small;\" wfd-id=\"12864\"><i>The Third Man\/Trzeci cz\u0142owiek<\/i>, 1949, re\u017c. Carol Reed<\/span><o:p><\/o:p><\/h6>\n<h6 class=\"Standard\"><span style=\"font-size: x-small;\" wfd-id=\"12863\"><i>Down by Law\/Poza prawem<\/i>, 1986, re\u017c. Jim Jarmusch<\/span><o:p><\/o:p><\/h6>\n<h6 class=\"Standard\"><span style=\"font-size: x-small;\" wfd-id=\"12862\"><i>Runaway Train\/Uciekaj\u0105cy poci\u0105g<\/i>, 1985, re\u017c. Andriej Koncza\u0142owski<\/span><o:p><\/o:p><\/h6>\n<p class=\"Standard\"><o:p>\u00a0<\/o:p><\/p>\n<p class=\"Standard\"><o:p>\u00a0<\/o:p><\/p>\n<p>[\/et_pb_text][\/et_pb_column_inner][\/et_pb_row_inner][\/et_pb_column][\/et_pb_section][et_pb_section fb_built=&#8221;1&#8243; specialty=&#8221;on&#8221; custom_padding_last_edited=&#8221;on|desktop&#8221; _builder_version=&#8221;3.22&#8243; custom_padding=&#8221;0px|0px|54px|0px&#8221; custom_padding_tablet=&#8221;50px|0|50px|0&#8243; custom_padding_phone=&#8221;&#8221; transparent_background=&#8221;off&#8221; padding_mobile=&#8221;off&#8221; make_fullwidth=&#8221;off&#8221; use_custom_width=&#8221;off&#8221; width_unit=&#8221;off&#8221; custom_width_px=&#8221;1080px&#8221; custom_width_percent=&#8221;80%&#8221;][et_pb_column type=&#8221;1_2&#8243; _builder_version=&#8221;3.25&#8243; custom_padding=&#8221;|||&#8221; custom_padding__hover=&#8221;|||&#8221;][et_pb_gallery gallery_ids=&#8221;2374,2375,2376,2377,2378,2379,2380,2381,2382,2383,2384,2385,2386,2387,2388,2389,2390,2391,2392,2393,2394,2395,2396,2397,2398,2399,2400,2406,2407,2408,2409,2410,2411&#8243; fullwidth=&#8221;on&#8221; _builder_version=&#8221;4.6.5&#8243; caption_all_caps=&#8221;off&#8221; use_border_color=&#8221;off&#8221; border_color=&#8221;#ffffff&#8221; border_width=&#8221;1px&#8221; border_style=&#8221;solid&#8221;][\/et_pb_gallery][\/et_pb_column][et_pb_column type=&#8221;1_2&#8243; specialty_columns=&#8221;2&#8243; _builder_version=&#8221;3.25&#8243; custom_padding=&#8221;|||&#8221; custom_padding__hover=&#8221;|||&#8221;][et_pb_row_inner padding_mobile=&#8221;off&#8221; column_padding_mobile=&#8221;off&#8221; _builder_version=&#8221;3.25&#8243; custom_padding=&#8221;|||43px||&#8221;][et_pb_column_inner saved_specialty_column_type=&#8221;1_2&#8243; _builder_version=&#8221;3.25&#8243; custom_padding=&#8221;|||&#8221; custom_padding__hover=&#8221;|||&#8221;][et_pb_text _builder_version=&#8221;4.6.5&#8243; background_size=&#8221;initial&#8221; background_position=&#8221;top_left&#8221; background_repeat=&#8221;repeat&#8221; use_border_color=&#8221;off&#8221; border_style=&#8221;solid&#8221;]<\/p>\n<h6><span style=\"font-size: x-small; color: #0627a0;\" wfd-id=\"24959\">BON VOYAGE | 2017 | 13\u201938<\/span><\/h6>\n<h6><span style=\"font-size: x-small;\" wfd-id=\"24958\"><em>Bon voyage<\/em> to kr\u00f3tka wyprawa w nieznane oraz nostalgiczna ceremonia po\u017cegnania ze \u015bwiatem, jaki znamy. Nasza podr\u00f3\u017c b\u0119dzie przebiega\u0107 wed\u0142ug mapy stworzonej przez pionierk\u0119 ameryka\u0144skiej awangardy filmowej M. Deren (<em>The Very Eye Of Night<\/em>, 1958), w trakcie kt\u00f3rej, poprzez tajemnicze \u0107wiczenia psychofizyczne metod\u0105 Rumiego i Gurd\u017cijewa (The Mevlevi Sema Ceremony, <em>Meetings with Remarkable Men<\/em> Petera Brooka, 1979) dost\u0105pimy przemiany duchowej \u2013 ze stanu sztucznej inteligencji robota-komputera pok\u0142adowego (HAL 9000 z <em>2001: Odyseja kosmiczna<\/em> Stanleya Kubricka, 1968) do pierwotnej postaci cz\u0142owieka-ducha (<em>Ursonate<\/em> Kurta Schwittersa, 1932). Tej kosmicznej przemianie poprzez ta\u0144ce z duchami towarzyszy\u0107 b\u0119d\u0105 d\u017awi\u0119ki planet \u2013 wieczna muzyka sfer (d\u017awi\u0119ki wibracji odleg\u0142ych planet, ksi\u0119\u017cyc\u00f3w, pier\u015bcieni, p\u00f3l elektromagnetycznych planet i ich magnetosfery zarejestrowane przez sond\u0119 Voyager 1 wystrzelon\u0105 w 1977 roku).<\/span><\/h6>\n<p>[\/et_pb_text][\/et_pb_column_inner][\/et_pb_row_inner][\/et_pb_column][\/et_pb_section][et_pb_section fb_built=&#8221;1&#8243; custom_padding_last_edited=&#8221;on|desktop&#8221; _builder_version=&#8221;3.22&#8243; custom_padding_tablet=&#8221;50px|0|50px|0&#8243; custom_padding_phone=&#8221;&#8221; transparent_background=&#8221;off&#8221; padding_mobile=&#8221;off&#8221; make_fullwidth=&#8221;off&#8221; use_custom_width=&#8221;off&#8221; width_unit=&#8221;off&#8221; custom_width_px=&#8221;1080px&#8221; custom_width_percent=&#8221;80%&#8221;][et_pb_row column_structure=&#8221;1_4,1_4,1_4,1_4&#8243; padding_mobile=&#8221;off&#8221; column_padding_mobile=&#8221;on&#8221; _builder_version=&#8221;3.25&#8243; background_size=&#8221;initial&#8221; background_position=&#8221;top_left&#8221; background_repeat=&#8221;repeat&#8221; custom_padding=&#8221;27px|0px|25px|0px&#8221; make_fullwidth=&#8221;off&#8221; use_custom_width=&#8221;off&#8221; width_unit=&#8221;off&#8221; custom_width_px=&#8221;1080px&#8221; custom_width_percent=&#8221;80%&#8221;][et_pb_column type=&#8221;1_4&#8243; _builder_version=&#8221;3.25&#8243; custom_padding=&#8221;|||&#8221; custom_padding__hover=&#8221;|||&#8221;][\/et_pb_column][et_pb_column type=&#8221;1_4&#8243; _builder_version=&#8221;3.25&#8243; custom_padding=&#8221;|||&#8221; custom_padding__hover=&#8221;|||&#8221;][\/et_pb_column][et_pb_column type=&#8221;1_4&#8243; _builder_version=&#8221;3.25&#8243; custom_padding=&#8221;|||&#8221; custom_padding__hover=&#8221;|||&#8221;][et_pb_text _builder_version=&#8221;3.27.4&#8243; background_size=&#8221;initial&#8221; background_position=&#8221;top_left&#8221; background_repeat=&#8221;repeat&#8221;]<\/p>\n<h6><span wfd-id=\"11003\" style=\"font-size: small;\"><strong><span wfd-id=\"11004\"><\/span><\/strong><\/span><\/h6>\n<h6><span wfd-id=\"11126\" style=\"font-size: small;\"><strong><span wfd-id=\"11127\"><\/span><\/strong><\/span><\/h6>\n<h6><span wfd-id=\"11126\" style=\"font-size: small;\"><strong><span wfd-id=\"11127\">Zrealizowano w ramach programu stypendialnego Ministra Kultury&nbsp; &nbsp; &nbsp; &nbsp; &nbsp; &nbsp; &nbsp; i Dziedzictwa Narodowego &ndash;&nbsp; &nbsp; &nbsp; <\/span><\/strong><\/span><span wfd-id=\"11124\" style=\"font-size: small;\"><strong><span wfd-id=\"11125\">Kultura&nbsp; w sieci<\/span><\/strong><\/span><\/h6>\n<p>[\/et_pb_text][\/et_pb_column][et_pb_column type=&#8221;1_4&#8243; _builder_version=&#8221;3.25&#8243; custom_padding=&#8221;|||&#8221; custom_padding__hover=&#8221;|||&#8221;][et_pb_gallery gallery_ids=&#8221;1298&#8243; _builder_version=&#8221;3.0.47&#8243;][\/et_pb_gallery][\/et_pb_column][\/et_pb_row][\/et_pb_section]<\/p>\n","protected":false},"excerpt":{"rendered":"<p>Wybrane prace wideo z lat 1999-2017HISTOIRE DE LA FOLIE\u00a0 | 1999 | 7&#8217;42&#8221; M\u00f3j pierwszy film pokazuje przebudzenie i pierwsze chwile dnia ob\u0142\u0105kanego. Poprzez prosty zabieg u\u017cycia dodatkowej soczewki (zwyk\u0142ego wizjera do drzwi, tzw. judasza) \u2013 widzimy efekt zaburzenia percepcji oraz utraty p\u0142ynno\u015bci ruch\u00f3w bohatera. \u201eHistorie dl la Folie\u201d zosta\u0142 zainspirowany \u201eHistori\u0105 szale\u0144stwa w dobie [&hellip;]<\/p>\n","protected":false},"author":1,"featured_media":0,"parent":0,"menu_order":0,"comment_status":"closed","ping_status":"closed","template":"","meta":{"_et_pb_use_builder":"on","_et_pb_old_content":"","_et_gb_content_width":"","footnotes":""},"class_list":["post-1131","page","type-page","status-publish","hentry"],"_links":{"self":[{"href":"http:\/\/grzegorzsztwiertnia.com\/index.php\/wp-json\/wp\/v2\/pages\/1131","targetHints":{"allow":["GET"]}}],"collection":[{"href":"http:\/\/grzegorzsztwiertnia.com\/index.php\/wp-json\/wp\/v2\/pages"}],"about":[{"href":"http:\/\/grzegorzsztwiertnia.com\/index.php\/wp-json\/wp\/v2\/types\/page"}],"author":[{"embeddable":true,"href":"http:\/\/grzegorzsztwiertnia.com\/index.php\/wp-json\/wp\/v2\/users\/1"}],"replies":[{"embeddable":true,"href":"http:\/\/grzegorzsztwiertnia.com\/index.php\/wp-json\/wp\/v2\/comments?post=1131"}],"version-history":[{"count":43,"href":"http:\/\/grzegorzsztwiertnia.com\/index.php\/wp-json\/wp\/v2\/pages\/1131\/revisions"}],"predecessor-version":[{"id":2547,"href":"http:\/\/grzegorzsztwiertnia.com\/index.php\/wp-json\/wp\/v2\/pages\/1131\/revisions\/2547"}],"wp:attachment":[{"href":"http:\/\/grzegorzsztwiertnia.com\/index.php\/wp-json\/wp\/v2\/media?parent=1131"}],"curies":[{"name":"wp","href":"https:\/\/api.w.org\/{rel}","templated":true}]}}